{"id":3466,"date":"2025-06-06T06:17:53","date_gmt":"2025-06-06T04:17:53","guid":{"rendered":"https:\/\/ceaf.egovspace.com\/?post_type=service&#038;p=3466"},"modified":"2026-06-05T17:00:15","modified_gmt":"2026-06-05T15:00:15","slug":"la-jeunesse","status":"publish","type":"service","link":"https:\/\/ceaf.fr\/index.php\/service\/la-jeunesse\/","title":{"rendered":"La Jeunesse"},"content":{"rendered":"<div class=\"wpb-content-wrapper\"><p>[vc_row][vc_column][vc_column_text css=&#8221;&#8221;]<\/p>\n<div class=\"wpb_text_column wpb_content_element \">\n<div class=\"wpb_wrapper\">\n<p dir=\"ltr\" style=\"text-align: justify;\">Le d\u00e9partement de la Jeunesse CEAF regroupe l\u2019ensemble des responsables ou repr\u00e9sentants des jeunesses des diff\u00e9rentes assembl\u00e9es qui composent la CEAF<\/p>\n<p dir=\"ltr\" style=\"text-align: justify;\">Ses membres sont r\u00e9partis dans des unit\u00e9s fonctionnels dont les r\u00e9f\u00e9rents forment avec le Pasteur Guy BOMPOLONGA, le Bureau.<\/p>\n<p dir=\"ltr\" style=\"text-align: justify;\">En 2019, ces unit\u00e9s ont \u00e9t\u00e9 remani\u00e9es afin de mieux faire correspondre renouvellement d\u2019\u00e9quipe et redistribution des r\u00f4les.<\/p>\n<p dir=\"ltr\" style=\"text-align: justify;\">OBJET PRINCIPAL DU D\u00c9PARTEMENT<\/p>\n<p dir=\"ltr\" style=\"text-align: justify;\">L\u2019objet du d\u00e9partement est de faciliter la communion et les \u00e9changes entre les jeunesses afin qu\u2019elles soient plus fortes, \u00e9panouies, enrichies par la mutualisation de connaissances et d\u2019expertises et prosp\u00e9rant \u00e0 tous \u00e9gards.<\/p>\n<p style=\"text-align: justify;\"><span id=\"m_8152264096816367697m_-5971271674938033853gmail-docs-internal-guid-d6bf68c0-7fff-b7c6-790e-bd328cbefa93\">Il s\u2019agit par ailleurs de d\u00e9velopper la CEAF de demain en s\u2019appuyant sur la jeunesse.<br \/>\nUne Jeunesse form\u00e9e, avertie, \u00e9quip\u00e9e, spirituellement solide pour faire face aux d\u00e9fis de son temps.<\/span><\/p>\n<\/div>\n<\/div>\n<p>[\/vc_column_text][\/vc_column][\/vc_row]<\/p>\n<\/div>","protected":false},"excerpt":{"rendered":"<p>Former une g\u00e9n\u00e9ration enracin\u00e9e dans la foi et engag\u00e9e pour l\u2019avenir.<\/p>\n","protected":false},"author":1,"featured_media":0,"template":"","service-category":[],"service-tag":[],"class_list":["post-3466","service","type-service","status-publish","hentry"],"aioseo_notices":[],"_links":{"self":[{"href":"https:\/\/ceaf.fr\/index.php\/wp-json\/wp\/v2\/service\/3466","targetHints":{"allow":["GET"]}}],"collection":[{"href":"https:\/\/ceaf.fr\/index.php\/wp-json\/wp\/v2\/service"}],"about":[{"href":"https:\/\/ceaf.fr\/index.php\/wp-json\/wp\/v2\/types\/service"}],"author":[{"embeddable":true,"href":"https:\/\/ceaf.fr\/index.php\/wp-json\/wp\/v2\/users\/1"}],"wp:attachment":[{"href":"https:\/\/ceaf.fr\/index.php\/wp-json\/wp\/v2\/media?parent=3466"}],"wp:term":[{"taxonomy":"service-category","embeddable":true,"href":"https:\/\/ceaf.fr\/index.php\/wp-json\/wp\/v2\/service-category?post=3466"},{"taxonomy":"service-tag","embeddable":true,"href":"https:\/\/ceaf.fr\/index.php\/wp-json\/wp\/v2\/service-tag?post=3466"}],"curies":[{"name":"wp","href":"https:\/\/api.w.org\/{rel}","templated":true}]}}