{"id":429,"date":"2021-09-29T13:47:13","date_gmt":"2021-09-29T13:47:13","guid":{"rendered":"http:\/\/metropolitanhost.com\/themes\/themeforest\/wp\/sacreva\/?page_id=429"},"modified":"2025-07-03T03:29:28","modified_gmt":"2025-07-03T01:29:28","slug":"a_propos","status":"publish","type":"page","link":"https:\/\/ceaf.fr\/index.php\/a_propos\/","title":{"rendered":"A Propos"},"content":{"rendered":"<div class=\"wpb-content-wrapper\"><p>[vc_row content_placement=&#8221;middle&#8221; css=&#8221;.vc_custom_1604346629788{padding-top: 110px !important;padding-bottom: 80px !important;}&#8221; row_css_sm=&#8221;.vc_custom_1604346629791{padding-top: 70px !important;padding-bottom: 20px !important;}&#8221;][vc_column offset=&#8221;vc_col-lg-6 vc_col-md-6 vc_hidden-sm vc_hidden-xs&#8221;][vc_row_inner][vc_column_inner width=&#8221;1\/2&#8243;][vc_single_image image=&#8221;434&#8243; img_size=&#8221;full&#8221;][vc_single_image image=&#8221;432&#8243; img_size=&#8221;full&#8221; css=&#8221;.vc_custom_1632923536628{margin-top: 40px !important;margin-bottom: 0px !important;}&#8221;][\/vc_column_inner][vc_column_inner width=&#8221;1\/2&#8243;][vc_single_image image=&#8221;433&#8243; img_size=&#8221;full&#8221; css=&#8221;.vc_custom_1632923516874{margin-top: 60px !important;}&#8221;][vc_single_image image=&#8221;434&#8243; img_size=&#8221;full&#8221; css=&#8221;.vc_custom_1632923560794{margin-top: 40px !important;margin-bottom: 0px !important;}&#8221;][\/vc_column_inner][\/vc_row_inner][\/vc_column][vc_column offset=&#8221;vc_col-lg-6 vc_col-md-6&#8243;]\r\n\t\t<div  class=\"sigma_custom_heading_wrapper sigma-custom-heading-237044141 sigma-shortcode-wrapper custom-heading-style-2 subtitle-text-uppercase title-text- text-left\">\r\r\n\t\t\t<div class=\"section-title sigma-custom-heading-wrapper\">\r\n\t\r\n\t\t\t<h3 class=\"heading-subtitle\">\r\n\t\t\t\tNOUS AVONS + DE 30 ANS D\u2019EXP\u00c9RIENCE\t\t\t<\/h3>\r\n\t\t\t\t\t<h2 class=\"heading-title\">\r\n\t\t\t\tDe la vision fondatrice \u00e0 une pr\u00e9sence affirm\u00e9e\t\t\t<\/h2>\r\n\t\t<\/div>\r\n\r\n\t\t<\/div>\r\r\n\t\t[vc_column_text css=&#8221;.vc_custom_1748914767955{margin-top: 20px !important;margin-bottom: 20px !important;border-left-width: 2px !important;padding-top: 10px !important;padding-bottom: 10px !important;padding-left: 20px !important;border-left-style: solid !important;border-color: #f74f22 !important;}&#8221;]<\/p>\n<p style=\"font-weight: 400;\">Fond\u00e9e dans un esprit de communion et de mission, la CEAF regroupe des \u00c9glises francophones d\u00e9sireuses de mutualiser leurs ressources et exp\u00e9riences dans une dynamique de foi partag\u00e9e<\/p>\n<p>[\/vc_column_text]\t\t<div  class=\"sigma_infobox_wrapper sigma-infobox-131933750 sigma-shortcode-wrapper icon-type-image infobox-style-4 infobox-left infobox-light\">\r\n\t\t\t            <div class=\"sigma_icon-block icon-block-3\">\r\n              \t\t\t\t\t\t\t\t\t<div class=\"icon-wrapper\">\r\n\t\t\t\t\t\t\t\t\t\t\t\t\t\t\t\t\t\t\t\t<img decoding=\"async\" src=\"https:\/\/ceaf.fr\/wp-content\/uploads\/2021\/09\/about-icon-1-6.png\" alt=\"Icon\">\r\n\t\t\t\t\t\t\t\t\t\t\t\t\t\t\t\t\t\t\t\t<\/div>\r\n\t\t\t\t\t\t\t\t\t              <div class=\"sigma_icon-block-content\">\r\n                                <h5> Au Commencement <\/h5>\r\n                                  <p>Une rencontre entre les christianismes de France et les christianismes d\u2019expressions africaines de confession protestante<\/p>\r\n                              <\/div>\r\n            <\/div>\r\n\t\t<\/div>\r\n\t\t\t\t<div  class=\"sigma_infobox_wrapper sigma-infobox-1388775589 sigma-shortcode-wrapper icon-type-image infobox-style-4 infobox-left infobox-light\">\r\n\t\t\t            <div class=\"sigma_icon-block icon-block-3\">\r\n              \t\t\t\t\t\t\t\t\t<div class=\"icon-wrapper\">\r\n\t\t\t\t\t\t\t\t\t\t\t\t\t\t\t\t\t\t\t\t<img decoding=\"async\" src=\"https:\/\/ceaf.fr\/wp-content\/uploads\/2021\/09\/about-icon-2-6.png\" alt=\"Icon\">\r\n\t\t\t\t\t\t\t\t\t\t\t\t\t\t\t\t\t\t\t\t<\/div>\r\n\t\t\t\t\t\t\t\t\t              <div class=\"sigma_icon-block-content\">\r\n                                <h5> \u00c0 Pr\u00e9sent <\/h5>\r\n                                  <p>Une association loi 1901 au service des \u00e9glises d\u2019expression africaine reconnue et respect\u00e9e.<\/p>\r\n                              <\/div>\r\n            <\/div>\r\n\t\t<\/div>\r\n\t\t[\/vc_column][\/vc_row][vc_row full_width=&#8221;stretch_row&#8221; disable_element=&#8221;yes&#8221; css=&#8221;.vc_custom_1748915645997{padding-top: 110px !important;padding-bottom: 50px !important;background-color: #f7f7f7 !important;}&#8221; row_css_sm=&#8221;.vc_custom_1748915645998{padding-top: 70px !important;padding-bottom: 0px !important;}&#8221;][vc_column]\t\t<div  class=\"sigma_history_wrapper sigma-history-294634764 sigma-shortcode-wrapper\">\r\n\t\t\t<div class=\"sigma_timeline\">\r\n  <div class=\"row no-gutters justify-content-end justify-content-md-around align-items-start sigma_timeline-nodes align-left\">\r\n    <div class=\"col-12 col-md-5 order-3 order-md-1 sigma_timeline-content\">\r\n            <h4>Volutpat nibh dictum eleifend torquent<\/h4>\r\n          <p>Lorem Ipsum is simply dummy text of the printing and typesetting industry. Lorem Ipsum has been the industry's standard dummy text ever since the 1500s, when an unknown printer took a galley of type and scrambled it to make a type specimen book.<\/p>\r\n        <\/div>\r\n    <div class=\"col-2 col-sm-1 px-md-3 order-2 sigma_timeline-image text-md-center\">\r\n      <i class=\"far fa-circle\"><\/i>\r\n    <\/div>\r\n    <div class=\"col-12 col-md-5 order-1 order-md-3 pb-3 sigma_timeline-date\">\r\n              <span><span>2020<\/span> Jun 21<\/span>\r\n          <\/div>\r\n  <\/div>\r\n  <div class=\"row no-gutters justify-content-end justify-content-md-around align-items-start sigma_timeline-nodes align-right\">\r\n    <div class=\"col-12 col-md-5 order-3 order-md-1 sigma_timeline-content\">\r\n            <h4>Rosque gravida tempor aliquam velit<\/h4>\r\n          <p>Lorem Ipsum is simply dummy text of the printing and typesetting industry. Lorem Ipsum has been the industry's standard dummy text ever since the 1500s, when an unknown printer took a galley of type and scrambled it to make a type specimen book.<\/p>\r\n        <\/div>\r\n    <div class=\"col-2 col-sm-1 px-md-3 order-2 sigma_timeline-image text-md-center\">\r\n      <i class=\"far fa-circle\"><\/i>\r\n    <\/div>\r\n    <div class=\"col-12 col-md-5 order-1 order-md-3 pb-3 sigma_timeline-date\">\r\n              <span><span>2020<\/span> Jun 21<\/span>\r\n          <\/div>\r\n  <\/div>\r\n  <div class=\"row no-gutters justify-content-end justify-content-md-around align-items-start sigma_timeline-nodes align-left\">\r\n    <div class=\"col-12 col-md-5 order-3 order-md-1 sigma_timeline-content\">\r\n            <h4>Volutpat nibh dictum eleifend torquent<\/h4>\r\n          <p>Lorem Ipsum is simply dummy text of the printing and typesetting industry. Lorem Ipsum has been the industry's standard dummy text ever since the 1500s, when an unknown printer took a galley of type and scrambled it to make a type specimen book.<\/p>\r\n        <\/div>\r\n    <div class=\"col-2 col-sm-1 px-md-3 order-2 sigma_timeline-image text-md-center\">\r\n      <i class=\"far fa-circle\"><\/i>\r\n    <\/div>\r\n    <div class=\"col-12 col-md-5 order-1 order-md-3 pb-3 sigma_timeline-date\">\r\n              <span><span>2020<\/span> Jun 21<\/span>\r\n          <\/div>\r\n  <\/div>\r\n  <div class=\"row no-gutters justify-content-end justify-content-md-around align-items-start sigma_timeline-nodes align-right\">\r\n    <div class=\"col-12 col-md-5 order-3 order-md-1 sigma_timeline-content\">\r\n            <h4>Rosque gravida tempor aliquam velit<\/h4>\r\n          <p>Lorem Ipsum is simply dummy text of the printing and typesetting industry. Lorem Ipsum has been the industry's standard dummy text ever since the 1500s, when an unknown printer took a galley of type and scrambled it to make a type specimen book.<\/p>\r\n        <\/div>\r\n    <div class=\"col-2 col-sm-1 px-md-3 order-2 sigma_timeline-image text-md-center\">\r\n      <i class=\"far fa-circle\"><\/i>\r\n    <\/div>\r\n    <div class=\"col-12 col-md-5 order-1 order-md-3 pb-3 sigma_timeline-date\">\r\n              <span><span>2020<\/span> Jun 21<\/span>\r\n          <\/div>\r\n  <\/div>\r\n<\/div>\r\n\t\t<\/div>\r\n\t\t[\/vc_column][\/vc_row][vc_row full_width=&#8221;stretch_row&#8221; css=&#8221;.vc_custom_1604470147267{padding-top: 110px !important;padding-bottom: 160px !important;background-color: #f7f7f7 !important;}&#8221; row_css_sm=&#8221;.vc_custom_1604470147269{padding-top: 70px !important;padding-bottom: 70px !important;}&#8221;][vc_column offset=&#8221;vc_col-lg-6 vc_col-md-6&#8243;][vc_row_inner][vc_column_inner]\r\n\t\t<div  class=\"sigma_custom_heading_wrapper sigma-custom-heading-209435313 sigma-shortcode-wrapper custom-heading-style-3 subtitle-text-uppercase title-text- text-left\">\r\r\n\t\t\t<div class=\"section-title sigma-custom-heading-wrapper\">\r\n\t\r\n\t\t\t<h3 class=\"heading-subtitle\">\r\n\t\t\t\tHISTOIRE\t\t\t<\/h3>\r\n\t\t\t\t\t<h2 class=\"heading-title\">\r\n\t\t\t\tUn Parcours de Foi<br \/>\net d\u2019Engagement\t\t\t<\/h2>\r\n\t\t<\/div>\r\n\r\n\t\t<\/div>\r\r\n\t\t[vc_column_text css=&#8221;&#8221;]<\/p>\n<p style=\"text-align: justify;\">Cr\u00e9e en 1990\u00a0la Communaut\u00e9 des \u00c9glises d\u2019Expressions Africaines Francophone (CEAF) est une congr\u00e9gation d\u2019\u00e9glises de confession protestante de type \u00e9vang\u00e9lique, pentec\u00f4tiste ou charismatique dont la liturgie int\u00e8gre l\u2019africanit\u00e9.<\/p>\n<p style=\"text-align: justify;\">Saisie spirituelle globalisante, la CEAF affronte la r\u00e9alit\u00e9 quotidienne dans une d\u00e9marche o\u00f9\u00a0Dieu est v\u00e9cu et d\u00e9clar\u00e9 comme pr\u00e9sent. Elle est de ce fait une r\u00e9clamation et une attestation de la spiritualit\u00e9 dans la vie de tous les jours.<\/p>\n<p style=\"text-align: justify;\">Pour elle, la vie ne peut \u00eatre s\u00e9par\u00e9e de la foi sans laquelle elle est vide de tout son sens et perd tout attrait.<\/p>\n<p>[\/vc_column_text][\/vc_column_inner][\/vc_row_inner][vc_row_inner disable_element=&#8221;yes&#8221;][vc_column_inner width=&#8221;1\/4&#8243; offset=&#8221;vc_col-lg-3 vc_col-md-3&#8243; inner_column_css_xs=&#8221;.vc_custom_1635917725439{margin-bottom: 20px !important;}&#8221; css=&#8221;.vc_custom_1635917725436{margin-right: 20px !important;}&#8221;]\t\t<div  class=\"sigma_progress_bar_wrapper sigma-progressbar-32152216 sigma-shortcode-wrapper progress-bar-style-3 size-sm\">\r\n\t\t\t\t\t<div class=\"sigma-progress-bar-wrapper rounded-bar\">\r\n\t\t\t\t\t\t<div class=\"chart-two\" data-percent=\"75\"\r\n\t\t\t\tdata-size=\"100\"\r\n\t\t\t\tdata-track-color= \"#efefef\"\r\n\t\t\t\tdata-bar-color=\"#f74f22\"\r\n\t\t\t\tdata-line-width=\"7\"\r\n\t\t\t\tdata-track-width=\"7\" \tstyle=\"min-width:100px;\r\n\t\t\t\t\tmin-height:100px;\r\n\t\t\t\t\twidth:100px; \">\r\n\t\t\t\t\t<div class=\"counter-flex\">\r\n\t\t        <span class=\"icon countup\">75<\/span>\r\n\t\t\t\t\t\t<span>%<\/span>\r\n\t\t\t\t\t<\/div>\r\n    <\/div>\r\n\t\t\t\t\t<\/div>\r\n\t\t\t\t<\/div>\r\n\t\t[\/vc_column_inner][vc_column_inner width=&#8221;3\/4&#8243; offset=&#8221;vc_col-lg-9 vc_col-md-9&#8243; css=&#8221;.vc_custom_1604467344832{padding-left: 0px !important;}&#8221; inner_column_css_xs=&#8221;.vc_custom_1604467344836{padding-left: 15px !important;}&#8221;][vc_custom_heading text=&#8221;Ethnic Community&#8221; font_container=&#8221;tag:h5|font_size:24px|text_align:left|color:%23212121&#8243; google_fonts=&#8221;font_family:Roboto%3A100%2C100italic%2C300%2C300italic%2Cregular%2Citalic%2C500%2C500italic%2C700%2C700italic%2C900%2C900italic|font_style:700%20bold%20regular%3A700%3Anormal&#8221; css=&#8221;.vc_custom_1632920790437{margin-bottom: 10px !important;}&#8221;][vc_column_text css=&#8221;.vc_custom_1604465542948{margin-bottom: 0px !important;}&#8221;]Praesent sapien massa, convallis a pellentesque nec, egestas non nisi. Vivamus magna justo, lacinia eget consectetur sed[\/vc_column_text][\/vc_column_inner][\/vc_row_inner][vc_row_inner disable_element=&#8221;yes&#8221; css=&#8221;.vc_custom_1748916366839{margin-top: 45px !important;}&#8221;][vc_column_inner width=&#8221;1\/4&#8243; offset=&#8221;vc_col-lg-3 vc_col-md-3&#8243; inner_column_css_xs=&#8221;.vc_custom_1635917741557{margin-bottom: 20px !important;}&#8221; css=&#8221;.vc_custom_1635917741555{margin-right: 20px !important;}&#8221;]\t\t<div  class=\"sigma_progress_bar_wrapper sigma-progressbar-314424714 sigma-shortcode-wrapper progress-bar-style-3 size-sm\">\r\n\t\t\t\t\t<div class=\"sigma-progress-bar-wrapper rounded-bar\">\r\n\t\t\t\t\t\t<div class=\"chart-two\" data-percent=\"50\"\r\n\t\t\t\tdata-size=\"100\"\r\n\t\t\t\tdata-track-color= \"#efefef\"\r\n\t\t\t\tdata-bar-color=\"#022147\"\r\n\t\t\t\tdata-line-width=\"7\"\r\n\t\t\t\tdata-track-width=\"7\" \tstyle=\"min-width:100px;\r\n\t\t\t\t\tmin-height:100px;\r\n\t\t\t\t\twidth:100px; \">\r\n\t\t\t\t\t<div class=\"counter-flex\">\r\n\t\t        <span class=\"icon countup\">50<\/span>\r\n\t\t\t\t\t\t<span>%<\/span>\r\n\t\t\t\t\t<\/div>\r\n    <\/div>\r\n\t\t\t\t\t<\/div>\r\n\t\t\t\t<\/div>\r\n\t\t[\/vc_column_inner][vc_column_inner width=&#8221;3\/4&#8243; offset=&#8221;vc_col-lg-9 vc_col-md-9&#8243; css=&#8221;.vc_custom_1604467344832{padding-left: 0px !important;}&#8221; inner_column_css_xs=&#8221;.vc_custom_1604467344836{padding-left: 15px !important;}&#8221;][vc_custom_heading text=&#8221;Active Members&#8221; font_container=&#8221;tag:h5|font_size:24px|text_align:left|color:%23212121&#8243; google_fonts=&#8221;font_family:Roboto%3A100%2C100italic%2C300%2C300italic%2Cregular%2Citalic%2C500%2C500italic%2C700%2C700italic%2C900%2C900italic|font_style:700%20bold%20regular%3A700%3Anormal&#8221; css=&#8221;.vc_custom_1632920812996{margin-bottom: 10px !important;}&#8221;][vc_column_text css=&#8221;.vc_custom_1604465542948{margin-bottom: 0px !important;}&#8221;]Praesent sapien massa, convallis a pellentesque nec, egestas non nisi. Vivamus magna justo, lacinia eget consectetur sed[\/vc_column_text][\/vc_column_inner][\/vc_row_inner][\/vc_column][vc_column offset=&#8221;vc_col-lg-6 vc_col-md-6 vc_hidden-sm vc_hidden-xs&#8221;]\t\t<div  class=\"sigma_custom_images_wrapper sigma-custom-images-1259259971 sigma-shortcode-wrapper custom-images-style-2  vc_custom_1751423020402\">\r\n\t\t\t          <div class=\"img-group-2\">\r\n                          <img decoding=\"async\" src=\"https:\/\/ceaf.fr\/wp-content\/uploads\/2025\/07\/apropos-1.jpg\" alt=\"about\">\r\n                          <img decoding=\"async\" src=\"https:\/\/ceaf.fr\/wp-content\/uploads\/2025\/07\/apropos-2.jpg\" alt=\"about\">\r\n                      <\/div>\r\n\t\t<\/div>\r\n\t\t[vc_row_inner css=&#8221;.vc_custom_1639193409199{padding-top: 25px !important;}&#8221;][vc_column_inner width=&#8221;1\/3&#8243;][vc_single_image image=&#8221;3678&#8243; css=&#8221;&#8221;][\/vc_column_inner][vc_column_inner width=&#8221;1\/3&#8243;][vc_single_image image=&#8221;3679&#8243; css=&#8221;&#8221;][\/vc_column_inner][vc_column_inner width=&#8221;1\/3&#8243;][vc_single_image image=&#8221;3674&#8243; css=&#8221;&#8221;][\/vc_column_inner][\/vc_row_inner][\/vc_column][\/vc_row][vc_row content_placement=&#8221;middle&#8221; css=&#8221;.vc_custom_1604143605654{padding-top: 110px !important;padding-bottom: 110px !important;}&#8221; row_css_sm=&#8221;.vc_custom_1604143605656{padding-top: 70px !important;padding-bottom: 70px !important;}&#8221;][vc_column offset=&#8221;vc_col-lg-6 vc_col-md-6&#8243;][vc_single_image image=&#8221;3682&#8243; img_size=&#8221;full&#8221; css=&#8221;.vc_custom_1751502725665{margin-bottom: 0px !important;}&#8221; el_class=&#8221;w-100&#8243;][\/vc_column][vc_column offset=&#8221;vc_col-lg-6 vc_col-md-6&#8243;]\r\n\t\t<div  class=\"sigma_custom_heading_wrapper sigma-custom-heading-1321404665 sigma-shortcode-wrapper custom-heading-style-2 subtitle-text-uppercase title-text- text-left\">\r\r\n\t\t\t<div class=\"section-title sigma-custom-heading-wrapper\">\r\n\t\r\n\t\t\t<h3 class=\"heading-subtitle\">\r\n\t\t\t\tLA CEAF AUJOURD'HUI\t\t\t<\/h3>\r\n\t\t\t\t\t<h2 class=\"heading-title\">\r\n\t\t\t\tDe la Fondation \u00e0 la Reconnaissance\t\t\t<\/h2>\r\n\t\t<\/div>\r\n\r\n\t\t<\/div>\r\r\n\t\t[vc_column_text css=&#8221;.vc_custom_1748917199088{margin-top: 20px !important;margin-bottom: 20px !important;padding-top: 10px !important;padding-bottom: 10px !important;padding-left: 0px !important;border-color: #f74f22 !important;}&#8221; el_class=&#8221;border-after&#8221;]<\/p>\n<p style=\"text-align: justify;\">Devenue la Communaut\u00e9 des \u00e9glises d\u2019expressions africaines Francophones, l\u2019association compte aujourd\u2019hui autour d\u2019une cinquantaine de pasteurs, quelques 44 \u00e9glises membres regroupant environ 20 000 fid\u00e8les dont plus de la moiti\u00e9 a moins de 35 ans.<\/p>\n<p style=\"text-align: justify;\">Plus centaines de lieux de culte dans l\u2019espace francophone accueillent les diff\u00e9rentes activit\u00e9s (culte, suivi scolaire, apprentissage des m\u00e9tiers, cours de musique, cours de danse, cours de mime\u2026) des \u00e9glises et associations membres de la CEAF.<\/p>\n<p style=\"text-align: justify;\">Les cultes concerts utilisent les comp\u00e9tences enseign\u00e9es au sein de la CEAF et permettent aux participants d\u2019exprimer leur foi en favorisant toutes les formes d\u2019expression (th\u00e9\u00e2tre, musique\u2026).<\/p>\n<p style=\"text-align: justify;\">Son eccl\u00e9siologie ouverte ainsi que la diversit\u00e9 des minist\u00e8res qui s\u2019y d\u00e9veloppent font de la CEAF un lieu privil\u00e9gi\u00e9 d\u2019adaptation de la foi protestante \u00e0 la culture du 21\u00e8me si\u00e8cle.<\/p>\n<p>[\/vc_column_text][\/vc_column][\/vc_row][vc_row full_width=&#8221;stretch_row&#8221; css=&#8221;.vc_custom_1749034641757{padding-top: 110px !important;padding-bottom: 80px !important;background-color: #f7f7f7 !important;}&#8221; row_css_sm=&#8221;.vc_custom_1749034641758{padding-top: 70px !important;padding-bottom: 40px !important;}&#8221;][vc_column width=&#8221;1\/2&#8243;]\r\n\t\t<div  class=\"sigma_custom_heading_wrapper sigma-custom-heading-1907261453 sigma-shortcode-wrapper custom-heading-style-2 subtitle-text-uppercase title-text- text-center\">\r\r\n\t\t\t<div class=\"section-title sigma-custom-heading-wrapper\">\r\n\t\r\n\t\t\t<h3 class=\"heading-subtitle\">\r\n\t\t\t\tVISION ET MISSION\t\t\t<\/h3>\r\n\t\t\t\t\t<h2 class=\"heading-title\">\r\n\t\t\t\tLes fondements et actions de la CEAF\t\t\t<\/h2>\r\n\t\t<\/div>\r\n\r\n\t\t<\/div>\r\r\n\t\t[vc_column_text css=&#8221;&#8221;]<\/p>\n<p style=\"text-align: justify;\">Cr\u00e9er un espace d\u2019\u00e9vang\u00e9lisation ouvert \u00e0 tous.<\/p>\n<p style=\"text-align: justify;\">Constituer et organiser une expression capable de dialoguer, d\u2019entrer en r\u00e9seau et de construire des relations s\u00e9rieuses, durables et enrichissantes.<\/p>\n<p style=\"text-align: justify;\">\u00c9tablir un christianisme de proximit\u00e9 marqu\u00e9 par le souci de la solidarit\u00e9, de la pr\u00e9sence des uns aupr\u00e8s des autres, de l\u2019int\u00e9gration et du d\u00e9passement des diff\u00e9rences.<\/p>\n<p style=\"text-align: justify;\">Assurer le r\u00f4le de conseil, de formation et d\u2019accompagnement des \u00e9glises membres.<\/p>\n<p style=\"text-align: justify;\">La CEAF se veut un lieu d\u2019int\u00e9gration, de rencontre, de formation et de socialisation.<\/p>\n<p style=\"text-align: justify;\">Elle est aussi un lieu o\u00f9 se vivent et s\u2019expriment la parit\u00e9 homme\/femme, pasteur\/la\u00efc, la promotion de la jeunesse et l\u2019int\u00e9gration de la femme.<\/p>\n<p style=\"text-align: justify;\">Elle est un lieu de dialogue, de rencontre, de communication et d\u2019\u00e9changes pour la valorisation des connaissances, capacit\u00e9s et comp\u00e9tences culturelles, \u00e9conomiques et intellectuelles.<\/p>\n<p>[\/vc_column_text][\/vc_column][vc_column width=&#8221;1\/2&#8243;]\t\t<div  class=\"sigma_custom_images_wrapper sigma-custom-images-225712848 sigma-shortcode-wrapper custom-images-style-2\">\r\n\t\t\t          <div class=\"img-group-2\">\r\n                          <img decoding=\"async\" src=\"https:\/\/ceaf.fr\/wp-content\/uploads\/2025\/06\/7177.jpg\" alt=\"about\">\r\n                      <\/div>\r\n\t\t<\/div>\r\n\t\t[\/vc_column][\/vc_row][vc_row full_width=&#8221;stretch_row&#8221; title_color_scheme=&#8221;light&#8221; el_class=&#8221;dark-overlay&#8221; css=&#8221;.vc_custom_1749034413931{padding-top: 110px !important;padding-bottom: 110px !important;background-image: url(http:\/\/metropolitanhost.com\/themes\/themeforest\/wp\/sacreva\/wp-content\/uploads\/2021\/09\/bg1.jpg?id=260) !important;background-position: center !important;background-repeat: no-repeat !important;background-size: cover !important;}&#8221; row_css_sm=&#8221;.vc_custom_1749034413932{padding-top: 70px !important;padding-bottom: 40px !important;}&#8221;][vc_column]\r\n\t\t<div  class=\"sigma_custom_heading_wrapper sigma-custom-heading-939178246 sigma-shortcode-wrapper custom-heading-style-2 subtitle-text-uppercase title-text- text-center\">\r\r\n\t\t\t<div class=\"section-title sigma-custom-heading-wrapper\">\r\n\t\t\t\t<h2 class=\"heading-title\">\r\n\t\t\t\tD\u00c9CLARATION DE FOI\t\t\t<\/h2>\r\n\t\t<\/div>\r\n\r\n\t\t<\/div>\r\r\n\t\t[vc_column_text css=&#8221;&#8221;]<\/p>\n<p dir=\"ltr\" style=\"text-align: justify; color: white;\">Dans l\u2019humilit\u00e9 et la crainte du Seigneur, fid\u00e8les aux confessions de foi chr\u00e9tiennes exprim\u00e9es \u00e0 travers le symbole des ap\u00f4tres et la confession de foi dite de Nic\u00e9e, se r\u00e9clamant des grandes confessions de la R\u00e9forme.<\/p>\n<p style=\"text-align: justify; color: white;\">La Communaut\u00e9 des \u00c9glises d\u2019expressions Africaines Francophones proclame que la Bible est le fondement de son enseignement et de son principe de vie ! La CEAF croit en son inspiration divine et \u00e0 sa totale v\u00e9racit\u00e9. Elle est l\u2019unique Parole \u00e9crite de Dieu. Elle comprend l\u2019Ancien et le Nouveau Testament. Compl\u00e8te dans son expos\u00e9, la Bible, Parole de Dieu, est la seule autorit\u00e9 de foi et de pratique.<\/p>\n<p style=\"text-align: justify; color: white;\">La Communaut\u00e9 des \u00c9glises d\u2019expressions Africaines Francophones croit en Dieu le P\u00e8re. Il est l\u2019\u00catre supr\u00eame, Cr\u00e9ateur de l\u2019univers.<\/p>\n<p style=\"text-align: justify; color: white;\">La Communaut\u00e9 des \u00c9glises d\u2019expressions Africaines Francophones croit en J\u00e9sus-Christ, le fils unique de Dieu, seul Sauveur, et unique M\u00e9diateur entre Dieu et les hommes.<\/p>\n<p style=\"text-align: justify; color: white;\">La Communaut\u00e9 des \u00c9glises d\u2019expressions Africaines Francophones croit au Saint-Esprit. C\u2019est lui qui convainc du p\u00e9ch\u00e9 et r\u00e9g\u00e9n\u00e8re tous les repentis. Il habite le c\u0153ur de tous les croyants en J\u00e9sus-Christ.<\/p>\n<p style=\"text-align: justify; color: white;\">La Communaut\u00e9 des \u00c9glises d\u2019expressions Africaines Francophones croit que malgr\u00e9 le p\u00e9ch\u00e9, l\u2019homme a \u00e9t\u00e9 cr\u00e9\u00e9 \u00e0 l\u2019image de Dieu. S\u00e9par\u00e9 spirituellement de Lui par le p\u00e9ch\u00e9, il a \u00e9t\u00e9 r\u00e9uni \u00e0 lui par le sacrifice de la croix, une fois pour toutes.<\/p>\n<p style=\"text-align: justify; color: white;\">La Communaut\u00e9 des \u00c9glises d\u2019expressions Africaines Francophones croit en la nouvelle naissance. Celle-ci conduit \u00e0 une vie de sanctification et de bonnes \u0153uvres. Elles sont les cons\u00e9quences de la r\u00e9g\u00e9n\u00e9ration en J\u00e9sus-Christ, par le Saint-Esprit.<\/p>\n<p style=\"text-align: justify; color: white;\">La Communaut\u00e9 des \u00c9glises d\u2019expressions Africaines Francophones croit en la r\u00e9surrection corporelle au dernier jour. Elle croit \u00e0 la vie \u00e9ternelle. Elle proclame et croit en L\u2019\u00c9glise universelle et invisible. Elle est l\u2019assembl\u00e9e des rachet\u00e9s de tous les temps et en tous lieux, en J\u00e9sus-Christ.<\/p>\n<p style=\"text-align: justify; color: white;\">La Communaut\u00e9 des \u00c9glises d\u2019expressions Africaines Francophones croit en l\u2019\u00e9glise locale et visible. Elle est l\u2019assembl\u00e9e des croyants professant J\u00e9sus-Christ comme Sauveur et Seigneur.<br \/>\nAmen!<\/p>\n<p>[\/vc_column_text][\/vc_column][\/vc_row]<\/p>\n<\/div>","protected":false},"excerpt":{"rendered":"<p>[vc_row content_placement=&#8221;middle&#8221; css=&#8221;.vc_custom_1604346629788{padding-top: 110px !important;padding-bottom: 80px !important;}&#8221; row_css_sm=&#8221;.vc_custom_1604346629791{padding-top: 70px !important;padding-bottom: 20px !important;}&#8221;][vc_column offset=&#8221;vc_col-lg-6 vc_col-md-6 vc_hidden-sm vc_hidden-xs&#8221;][vc_row_inner][vc_column_inner width=&#8221;1\/2&#8243;][vc_single_image image=&#8221;434&#8243; img_size=&#8221;full&#8221;][vc_single_image image=&#8221;432&#8243; img_size=&#8221;full&#8221; css=&#8221;.vc_custom_1632923536628{margin-top: 40px !important;margin-bottom: 0px !important;}&#8221;][\/vc_column_inner][vc_column_inner width=&#8221;1\/2&#8243;][vc_single_image image=&#8221;433&#8243; img_size=&#8221;full&#8221; css=&#8221;.vc_custom_1632923516874{margin-top: [&hellip;]<\/p>\n","protected":false},"author":1,"featured_media":0,"parent":0,"menu_order":0,"comment_status":"closed","ping_status":"closed","template":"","meta":{"give_campaign_id":0,"_monsterinsights_skip_tracking":false,"_monsterinsights_sitenote_active":false,"_monsterinsights_sitenote_note":"","_monsterinsights_sitenote_category":0,"footnotes":""},"class_list":["post-429","page","type-page","status-publish","hentry"],"aioseo_notices":[],"campaignId":"","_links":{"self":[{"href":"https:\/\/ceaf.fr\/index.php\/wp-json\/wp\/v2\/pages\/429","targetHints":{"allow":["GET"]}}],"collection":[{"href":"https:\/\/ceaf.fr\/index.php\/wp-json\/wp\/v2\/pages"}],"about":[{"href":"https:\/\/ceaf.fr\/index.php\/wp-json\/wp\/v2\/types\/page"}],"author":[{"embeddable":true,"href":"https:\/\/ceaf.fr\/index.php\/wp-json\/wp\/v2\/users\/1"}],"replies":[{"embeddable":true,"href":"https:\/\/ceaf.fr\/index.php\/wp-json\/wp\/v2\/comments?post=429"}],"version-history":[{"count":11,"href":"https:\/\/ceaf.fr\/index.php\/wp-json\/wp\/v2\/pages\/429\/revisions"}],"predecessor-version":[{"id":3683,"href":"https:\/\/ceaf.fr\/index.php\/wp-json\/wp\/v2\/pages\/429\/revisions\/3683"}],"wp:attachment":[{"href":"https:\/\/ceaf.fr\/index.php\/wp-json\/wp\/v2\/media?parent=429"}],"curies":[{"name":"wp","href":"https:\/\/api.w.org\/{rel}","templated":true}]}}