{"id":3499,"date":"2025-06-07T04:00:50","date_gmt":"2025-06-07T02:00:50","guid":{"rendered":"https:\/\/ceaf.egovspace.com\/?page_id=3499"},"modified":"2026-03-02T14:23:39","modified_gmt":"2026-03-02T13:23:39","slug":"evenements","status":"publish","type":"page","link":"https:\/\/ceaf.fr\/index.php\/evenements\/","title":{"rendered":"Ev\u00e9nements"},"content":{"rendered":"<div class=\"wpb-content-wrapper\"><p>[vc_row css=&#8221;.vc_custom_1749261592127{padding-top: 110px !important;}&#8221;][vc_column]        <div  class=\"sigma_events_wrapper sigma-events-1191161699 sigma-shortcode-wrapper events-layout-grid\">\r\n            <div class=\"row\">\r\n            <div class=\"col-xl-6 col-lg-6 col-md-6 col-sm-12\">\r\n            <article id=\"post-3932\" class=\"sigma-events sigma-events-style-1 sigma-events-wrapper post-3932 events type-events status-publish has-post-thumbnail hentry events-category-ceaf events-tag-event\">\r\n      <div class=\"sigma_post-thumb\">\r\n      <a href=\"https:\/\/ceaf.fr\/index.php\/events\/le-diner-gala-de-la-pastorale\/\">\r\n        <img fetchpriority=\"high\" decoding=\"async\" width=\"800\" height=\"520\" src=\"https:\/\/ceaf.fr\/wp-content\/uploads\/2026\/03\/ffeadf49-f6df-4b90-9505-c7fe0a3d272d-800x520.png\" class=\"attachment-sacreva-blog size-sacreva-blog wp-post-image\" alt=\"\" \/>      <\/a>\r\n            <div class=\"event-date-wrapper\">\r\n        <!--<span>01<\/span>-->\r\n        19\/12\/2026      <\/div>\r\n        <\/div>\r\n      <div class=\"sigma_post-body\">\r\n      <h5> <a href=\"https:\/\/ceaf.fr\/index.php\/events\/le-diner-gala-de-la-pastorale\/\">Le d\u00eener gala de la Pastorale<\/a> <\/h5>\r\n                <p><\/p>\r\n                        <div class=\"sigma_post-meta\">\r\n                      <span> <i class=\"far fa-clock\"><\/i>  06:00pm-10:00pm<\/span>\r\n                            <\/div>\r\n              <div class=\"section-button d-flex align-items-center\">\r\n          <a href=\"https:\/\/ceaf.fr\/index.php\/events\/le-diner-gala-de-la-pastorale\/\" class=\"sigma_btn-custom\">Rejoignez-nous <i class=\"far fa-arrow-right\"><\/i> <\/a>\r\n        <\/div>\r\n    <\/div>\r\n<\/article>\r\n        <\/div>\r\n                <div class=\"col-xl-6 col-lg-6 col-md-6 col-sm-12\">\r\n            <article id=\"post-3930\" class=\"sigma-events sigma-events-style-1 sigma-events-wrapper post-3930 events type-events status-publish has-post-thumbnail hentry events-category-ceaf events-tag-event\">\r\n      <div class=\"sigma_post-thumb\">\r\n      <a href=\"https:\/\/ceaf.fr\/index.php\/events\/la-retraite-pastorale\/\">\r\n        <img decoding=\"async\" width=\"800\" height=\"520\" src=\"https:\/\/ceaf.fr\/wp-content\/uploads\/2026\/03\/08de6509-8645-431a-8993-9457cc17ae66-800x520.png\" class=\"attachment-sacreva-blog size-sacreva-blog wp-post-image\" alt=\"\" \/>      <\/a>\r\n            <div class=\"event-date-wrapper\">\r\n        <!--<span>01<\/span>-->\r\n        13\/11\/2026      <\/div>\r\n        <\/div>\r\n      <div class=\"sigma_post-body\">\r\n      <h5> <a href=\"https:\/\/ceaf.fr\/index.php\/events\/la-retraite-pastorale\/\">La retraite pastorale<\/a> <\/h5>\r\n                <p><\/p>\r\n                        <div class=\"sigma_post-meta\">\r\n                      <span> <i class=\"far fa-clock\"><\/i>  04:00pm-04:00pm<\/span>\r\n                            <\/div>\r\n              <div class=\"section-button d-flex align-items-center\">\r\n          <a href=\"https:\/\/ceaf.fr\/index.php\/events\/la-retraite-pastorale\/\" class=\"sigma_btn-custom\">Rejoignez-nous <i class=\"far fa-arrow-right\"><\/i> <\/a>\r\n        <\/div>\r\n    <\/div>\r\n<\/article>\r\n        <\/div>\r\n                <div class=\"col-xl-6 col-lg-6 col-md-6 col-sm-12\">\r\n            <article id=\"post-3928\" class=\"sigma-events sigma-events-style-1 sigma-events-wrapper post-3928 events type-events status-publish has-post-thumbnail hentry events-category-ceaf events-tag-event\">\r\n      <div class=\"sigma_post-thumb\">\r\n      <a href=\"https:\/\/ceaf.fr\/index.php\/events\/la-pastorale-3\/\">\r\n        <img decoding=\"async\" width=\"800\" height=\"520\" src=\"https:\/\/ceaf.fr\/wp-content\/uploads\/2026\/03\/cb727720-1432-40da-bd01-28966f5f74a6-800x520.png\" class=\"attachment-sacreva-blog size-sacreva-blog wp-post-image\" alt=\"\" \/>      <\/a>\r\n            <div class=\"event-date-wrapper\">\r\n        <!--<span>01<\/span>-->\r\n        22\/08\/2026      <\/div>\r\n        <\/div>\r\n      <div class=\"sigma_post-body\">\r\n      <h5> <a href=\"https:\/\/ceaf.fr\/index.php\/events\/la-pastorale-3\/\">La Pastorale<\/a> <\/h5>\r\n                <p><\/p>\r\n                        <div class=\"sigma_post-meta\">\r\n                      <span> <i class=\"far fa-clock\"><\/i>  08:30am-12:30pm<\/span>\r\n                                <span> <i class=\"far fa-map-marker-alt\"><\/i> Zoom<\/span>\r\n                  <\/div>\r\n              <div class=\"section-button d-flex align-items-center\">\r\n          <a href=\"https:\/\/ceaf.fr\/index.php\/events\/la-pastorale-3\/\" class=\"sigma_btn-custom\">Rejoignez-nous <i class=\"far fa-arrow-right\"><\/i> <\/a>\r\n        <\/div>\r\n    <\/div>\r\n<\/article>\r\n        <\/div>\r\n                <div class=\"col-xl-6 col-lg-6 col-md-6 col-sm-12\">\r\n            <article id=\"post-3925\" class=\"sigma-events sigma-events-style-1 sigma-events-wrapper post-3925 events type-events status-publish has-post-thumbnail hentry events-category-ceaf events-tag-event\">\r\n      <div class=\"sigma_post-thumb\">\r\n      <a href=\"https:\/\/ceaf.fr\/index.php\/events\/la-pastorale-2\/\">\r\n        <img loading=\"lazy\" decoding=\"async\" width=\"800\" height=\"520\" src=\"https:\/\/ceaf.fr\/wp-content\/uploads\/2026\/03\/e84d86ec-6d9a-4bba-9782-4cc4d888c8b1-800x520.png\" class=\"attachment-sacreva-blog size-sacreva-blog wp-post-image\" alt=\"\" \/>      <\/a>\r\n            <div class=\"event-date-wrapper\">\r\n        <!--<span>01<\/span>-->\r\n        20\/06\/2026      <\/div>\r\n        <\/div>\r\n      <div class=\"sigma_post-body\">\r\n      <h5> <a href=\"https:\/\/ceaf.fr\/index.php\/events\/la-pastorale-2\/\">La Pastorale<\/a> <\/h5>\r\n                <p><\/p>\r\n                        <div class=\"sigma_post-meta\">\r\n                      <span> <i class=\"far fa-clock\"><\/i>  08:30am-12:30pm<\/span>\r\n                                <span> <i class=\"far fa-map-marker-alt\"><\/i> 47 Rue de clichy<\/span>\r\n                  <\/div>\r\n              <div class=\"section-button d-flex align-items-center\">\r\n          <a href=\"https:\/\/ceaf.fr\/index.php\/events\/la-pastorale-2\/\" class=\"sigma_btn-custom\">Rejoignez-nous <i class=\"far fa-arrow-right\"><\/i> <\/a>\r\n        <\/div>\r\n    <\/div>\r\n<\/article>\r\n        <\/div>\r\n                <div class=\"col-xl-6 col-lg-6 col-md-6 col-sm-12\">\r\n            <article id=\"post-3922\" class=\"sigma-events sigma-events-style-1 sigma-events-wrapper post-3922 events type-events status-publish has-post-thumbnail hentry events-category-ceaf events-tag-event\">\r\n      <div class=\"sigma_post-thumb\">\r\n      <a href=\"https:\/\/ceaf.fr\/index.php\/events\/la-pastorale\/\">\r\n        <img loading=\"lazy\" decoding=\"async\" width=\"800\" height=\"520\" src=\"https:\/\/ceaf.fr\/wp-content\/uploads\/2026\/03\/31b16bc2-34c3-419c-9ec0-b1d0bcbe5f96-800x520.png\" class=\"attachment-sacreva-blog size-sacreva-blog wp-post-image\" alt=\"\" \/>      <\/a>\r\n            <div class=\"event-date-wrapper\">\r\n        <!--<span>01<\/span>-->\r\n        25\/04\/2026      <\/div>\r\n        <\/div>\r\n      <div class=\"sigma_post-body\">\r\n      <h5> <a href=\"https:\/\/ceaf.fr\/index.php\/events\/la-pastorale\/\">La Pastorale<\/a> <\/h5>\r\n                <p><\/p>\r\n                        <div class=\"sigma_post-meta\">\r\n                      <span> <i class=\"far fa-clock\"><\/i>  08:30am-12:30pm<\/span>\r\n                                <span> <i class=\"far fa-map-marker-alt\"><\/i> Zoom<\/span>\r\n                  <\/div>\r\n              <div class=\"section-button d-flex align-items-center\">\r\n          <a href=\"https:\/\/ceaf.fr\/index.php\/events\/la-pastorale\/\" class=\"sigma_btn-custom\">Rejoignez-nous <i class=\"far fa-arrow-right\"><\/i> <\/a>\r\n        <\/div>\r\n    <\/div>\r\n<\/article>\r\n        <\/div>\r\n                <div class=\"col-xl-6 col-lg-6 col-md-6 col-sm-12\">\r\n            <article id=\"post-3919\" class=\"sigma-events sigma-events-style-1 sigma-events-wrapper post-3919 events type-events status-publish has-post-thumbnail hentry events-category-ceaf events-tag-event\">\r\n      <div class=\"sigma_post-thumb\">\r\n      <a href=\"https:\/\/ceaf.fr\/index.php\/events\/lutilisation-de-lintelligence-artificielle-dans-la-preparation-des-sermons\/\">\r\n        <img loading=\"lazy\" decoding=\"async\" width=\"800\" height=\"520\" src=\"https:\/\/ceaf.fr\/wp-content\/uploads\/2026\/02\/Un-africain-americain--800x520.jpg\" class=\"attachment-sacreva-blog size-sacreva-blog wp-post-image\" alt=\"\" \/>      <\/a>\r\n            <div class=\"event-date-wrapper\">\r\n        <!--<span>01<\/span>-->\r\n        21\/03\/2026      <\/div>\r\n        <\/div>\r\n      <div class=\"sigma_post-body\">\r\n      <h5> <a href=\"https:\/\/ceaf.fr\/index.php\/events\/lutilisation-de-lintelligence-artificielle-dans-la-preparation-des-sermons\/\">L&#8217;utilisation de l&#8217;Intelligence Artificielle dans la pr\u00e9paration des sermons<\/a> <\/h5>\r\n                <p><\/p>\r\n                        <div class=\"sigma_post-meta\">\r\n                      <span> <i class=\"far fa-clock\"><\/i>  08:45am-12:30pm<\/span>\r\n                                <span> <i class=\"far fa-map-marker-alt\"><\/i> 47 Rue de clichy<\/span>\r\n                  <\/div>\r\n              <div class=\"section-button d-flex align-items-center\">\r\n          <a href=\"https:\/\/ceaf.fr\/index.php\/events\/lutilisation-de-lintelligence-artificielle-dans-la-preparation-des-sermons\/\" class=\"sigma_btn-custom\">Rejoignez-nous <i class=\"far fa-arrow-right\"><\/i> <\/a>\r\n        <\/div>\r\n    <\/div>\r\n<\/article>\r\n        <\/div>\r\n                <div class=\"col-xl-6 col-lg-6 col-md-6 col-sm-12\">\r\n            <article id=\"post-3918\" class=\"sigma-events sigma-events-style-1 sigma-events-wrapper post-3918 events type-events status-publish has-post-thumbnail hentry events-category-ceaf events-tag-event\">\r\n      <div class=\"sigma_post-thumb\">\r\n      <a href=\"https:\/\/ceaf.fr\/index.php\/events\/3918\/\">\r\n        <img loading=\"lazy\" decoding=\"async\" width=\"800\" height=\"520\" src=\"https:\/\/ceaf.fr\/wp-content\/uploads\/2026\/02\/Pastorale-CEAF-1920-x-1080-px-800x520.png\" class=\"attachment-sacreva-blog size-sacreva-blog wp-post-image\" alt=\"\" \/>      <\/a>\r\n            <div class=\"event-date-wrapper\">\r\n        <!--<span>01<\/span>-->\r\n        21\/02\/2026      <\/div>\r\n        <\/div>\r\n      <div class=\"sigma_post-body\">\r\n      <h5> <a href=\"https:\/\/ceaf.fr\/index.php\/events\/3918\/\"><\/a> <\/h5>\r\n                <p>&#8220;Notre prochaine Pastorale a pour th\u00e8me : La durabilit\u00e9 dans le minist\u00e8re\u00a0\u00bb Elle aura lieu le Samedi 21 f\u00e9vier<\/p>\r\n                        <div class=\"sigma_post-meta\">\r\n                      <span> <i class=\"far fa-clock\"><\/i>  08:45am-12:00pm<\/span>\r\n                                <span> <i class=\"far fa-map-marker-alt\"><\/i> 47 Rue de clichy<\/span>\r\n                  <\/div>\r\n              <div class=\"section-button d-flex align-items-center\">\r\n          <a href=\"https:\/\/ceaf.fr\/index.php\/events\/3918\/\" class=\"sigma_btn-custom\">Rejoignez-nous <i class=\"far fa-arrow-right\"><\/i> <\/a>\r\n        <\/div>\r\n    <\/div>\r\n<\/article>\r\n        <\/div>\r\n                <div class=\"col-xl-6 col-lg-6 col-md-6 col-sm-12\">\r\n            <article id=\"post-3906\" class=\"sigma-events sigma-events-style-1 sigma-events-wrapper post-3906 events type-events status-publish has-post-thumbnail hentry\">\r\n      <div class=\"sigma_post-thumb\">\r\n      <a href=\"https:\/\/ceaf.fr\/index.php\/events\/assemblee-generale-ceaf\/\">\r\n        <img loading=\"lazy\" decoding=\"async\" width=\"800\" height=\"520\" src=\"https:\/\/ceaf.fr\/wp-content\/uploads\/2025\/12\/22260699-a9fd-41a0-839f-c931cb96c3db-800x520.png\" class=\"attachment-sacreva-blog size-sacreva-blog wp-post-image\" alt=\"\" \/>      <\/a>\r\n            <div class=\"event-date-wrapper\">\r\n        <!--<span>01<\/span>-->\r\n        13\/06\/2026      <\/div>\r\n        <\/div>\r\n      <div class=\"sigma_post-body\">\r\n      <h5> <a href=\"https:\/\/ceaf.fr\/index.php\/events\/assemblee-generale-ceaf\/\">Assembl\u00e9e G\u00e9n\u00e9rale CEAF<\/a> <\/h5>\r\n                <p><\/p>\r\n                        <div class=\"sigma_post-meta\">\r\n                      <span> <i class=\"far fa-clock\"><\/i>  08:30am-12:30pm<\/span>\r\n                            <\/div>\r\n              <div class=\"section-button d-flex align-items-center\">\r\n          <a href=\"https:\/\/ceaf.fr\/index.php\/events\/assemblee-generale-ceaf\/\" class=\"sigma_btn-custom\">Rejoignez-nous <i class=\"far fa-arrow-right\"><\/i> <\/a>\r\n        <\/div>\r\n    <\/div>\r\n<\/article>\r\n        <\/div>\r\n                <div class=\"col-xl-6 col-lg-6 col-md-6 col-sm-12\">\r\n            <article id=\"post-3905\" class=\"sigma-events sigma-events-style-1 sigma-events-wrapper post-3905 events type-events status-publish has-post-thumbnail hentry events-category-ceaf\">\r\n      <div class=\"sigma_post-thumb\">\r\n      <a href=\"https:\/\/ceaf.fr\/index.php\/events\/conseil-dadministration-4\/\">\r\n        <img loading=\"lazy\" decoding=\"async\" width=\"800\" height=\"520\" src=\"https:\/\/ceaf.fr\/wp-content\/uploads\/2025\/12\/3f602b64-737d-4123-8f45-7069d2492be1-800x520.png\" class=\"attachment-sacreva-blog size-sacreva-blog wp-post-image\" alt=\"\" \/>      <\/a>\r\n            <div class=\"event-date-wrapper\">\r\n        <!--<span>01<\/span>-->\r\n        23\/05\/2026      <\/div>\r\n        <\/div>\r\n      <div class=\"sigma_post-body\">\r\n      <h5> <a href=\"https:\/\/ceaf.fr\/index.php\/events\/conseil-dadministration-4\/\">Conseil d&#8217;Administration<\/a> <\/h5>\r\n                <p><\/p>\r\n                        <div class=\"sigma_post-meta\">\r\n                      <span> <i class=\"far fa-clock\"><\/i>  09:00am-12:00pm<\/span>\r\n                            <\/div>\r\n              <div class=\"section-button d-flex align-items-center\">\r\n          <a href=\"https:\/\/ceaf.fr\/index.php\/events\/conseil-dadministration-4\/\" class=\"sigma_btn-custom\">Rejoignez-nous <i class=\"far fa-arrow-right\"><\/i> <\/a>\r\n        <\/div>\r\n    <\/div>\r\n<\/article>\r\n        <\/div>\r\n                <div class=\"col-xl-6 col-lg-6 col-md-6 col-sm-12\">\r\n            <article id=\"post-3904\" class=\"sigma-events sigma-events-style-1 sigma-events-wrapper post-3904 events type-events status-publish has-post-thumbnail hentry events-category-ceaf\">\r\n      <div class=\"sigma_post-thumb\">\r\n      <a href=\"https:\/\/ceaf.fr\/index.php\/events\/conseil-dadministration-3\/\">\r\n        <img loading=\"lazy\" decoding=\"async\" width=\"800\" height=\"520\" src=\"https:\/\/ceaf.fr\/wp-content\/uploads\/2025\/12\/d7f2fa17-8233-42d3-bb45-922fc4ae257e-800x520.png\" class=\"attachment-sacreva-blog size-sacreva-blog wp-post-image\" alt=\"\" \/>      <\/a>\r\n            <div class=\"event-date-wrapper\">\r\n        <!--<span>01<\/span>-->\r\n        14\/03\/2026      <\/div>\r\n        <\/div>\r\n      <div class=\"sigma_post-body\">\r\n      <h5> <a href=\"https:\/\/ceaf.fr\/index.php\/events\/conseil-dadministration-3\/\">Conseil d&#8217;Administration<\/a> <\/h5>\r\n                <p><\/p>\r\n                        <div class=\"sigma_post-meta\">\r\n                      <span> <i class=\"far fa-clock\"><\/i>  09:00am-12:00pm<\/span>\r\n                                <span> <i class=\"far fa-map-marker-alt\"><\/i> Visiophonie<\/span>\r\n                  <\/div>\r\n              <div class=\"section-button d-flex align-items-center\">\r\n          <a href=\"https:\/\/ceaf.fr\/index.php\/events\/conseil-dadministration-3\/\" class=\"sigma_btn-custom\">Rejoignez-nous <i class=\"far fa-arrow-right\"><\/i> <\/a>\r\n        <\/div>\r\n    <\/div>\r\n<\/article>\r\n        <\/div>\r\n        <\/div>\r\n        <\/div>\r\n        [\/vc_column][\/vc_row]<\/p>\n<\/div>","protected":false},"excerpt":{"rendered":"<p>[vc_row css=&#8221;.vc_custom_1749261592127{padding-top: 110px !important;}&#8221;][vc_column][\/vc_column][\/vc_row]<\/p>\n","protected":false},"author":1,"featured_media":0,"parent":0,"menu_order":0,"comment_status":"closed","ping_status":"closed","template":"","meta":{"give_campaign_id":0,"_monsterinsights_skip_tracking":false,"_monsterinsights_sitenote_active":false,"_monsterinsights_sitenote_note":"","_monsterinsights_sitenote_category":0,"footnotes":""},"class_list":["post-3499","page","type-page","status-publish","hentry"],"aioseo_notices":[],"campaignId":"","_links":{"self":[{"href":"https:\/\/ceaf.fr\/index.php\/wp-json\/wp\/v2\/pages\/3499","targetHints":{"allow":["GET"]}}],"collection":[{"href":"https:\/\/ceaf.fr\/index.php\/wp-json\/wp\/v2\/pages"}],"about":[{"href":"https:\/\/ceaf.fr\/index.php\/wp-json\/wp\/v2\/types\/page"}],"author":[{"embeddable":true,"href":"https:\/\/ceaf.fr\/index.php\/wp-json\/wp\/v2\/users\/1"}],"replies":[{"embeddable":true,"href":"https:\/\/ceaf.fr\/index.php\/wp-json\/wp\/v2\/comments?post=3499"}],"version-history":[{"count":7,"href":"https:\/\/ceaf.fr\/index.php\/wp-json\/wp\/v2\/pages\/3499\/revisions"}],"predecessor-version":[{"id":3513,"href":"https:\/\/ceaf.fr\/index.php\/wp-json\/wp\/v2\/pages\/3499\/revisions\/3513"}],"wp:attachment":[{"href":"https:\/\/ceaf.fr\/index.php\/wp-json\/wp\/v2\/media?parent=3499"}],"curies":[{"name":"wp","href":"https:\/\/api.w.org\/{rel}","templated":true}]}}