{"id":233,"date":"2021-09-28T14:47:12","date_gmt":"2021-09-28T14:47:12","guid":{"rendered":"http:\/\/metropolitanhost.com\/themes\/themeforest\/wp\/sacreva\/?page_id=233"},"modified":"2025-11-10T15:42:51","modified_gmt":"2025-11-10T14:42:51","slug":"eglises-membres","status":"publish","type":"page","link":"https:\/\/ceaf.fr\/index.php\/eglises-membres\/","title":{"rendered":"Eglises Membres"},"content":{"rendered":"<div class=\"wpb-content-wrapper\"><p>[vc_row][vc_column][vc_empty_space height=&#8221;120px&#8221;][\/vc_column][\/vc_row][vc_row equal_height=&#8221;yes&#8221; row_css_md=&#8221;.vc_custom_1761518300509{padding-top: 110px !important;}&#8221;][vc_column width=&#8221;1\/3&#8243;]\t\t<div  class=\"sigma_infobox_wrapper sigma-infobox-1784670748 sigma-shortcode-wrapper icon-type-font infobox-style-3 infobox-center infobox-light\">\r\n\t\t\t<div class=\"core-feature-section\">\r\n\t\t\t\t<div class=\"features-loop\">\r\n\t\t\t\t\t\t\t\t<div class=\"feature-box\">\r\n\t\t\t\t\t\t\t\t\t\t\t\t\t\t\t\t\t\t\t\t\t\t<div class=\"icon\"><i class=\"fas fa-cross\"><\/i><\/div>\r\n\t\t\t\t\t\t\t\t\t\t\t\t\t\t\t\t\t\t\t\t\t\t\t\t\t\t\t\t\t\t\t\t<h3>Assembl\u00e9e \u00c9vang\u00e9lique Nouvelle Alliance<\/h3>\r\n\t\t\t\t\t\t\t\t\t\t\t\t\t\t\t\t\t\t\t<p>Pasteur : Emmanuel KAMONDJI<br \/>\n\ud83d\udccd294 rue de Lannoy 59650 VILLENEUVE D\u2019ASCQ<br \/>\n\ud83d\udcde 06 03 69 99 62<br \/>\n\ud83d\udce7 maisonbenie.va@gmail.com<br \/>\n\u26ea Lieu de culte : 180 Rue du G\u00e9n\u00e9ral Leclerc 59510 Hem (Adresse provisoire)<\/p>\r\n\t\t\t\t\t\t\t\t\t\t\t\t\t\t\t\t<\/div>\r\n\t\t\t\t<\/div>\r\n<\/div>\r\n\t\t<\/div>\r\n\t\t[\/vc_column][vc_column width=&#8221;1\/3&#8243;]\t\t<div  class=\"sigma_infobox_wrapper sigma-infobox-106610573 sigma-shortcode-wrapper icon-type-font infobox-style-3 infobox-center infobox-light\">\r\n\t\t\t<div class=\"core-feature-section\">\r\n\t\t\t\t<div class=\"features-loop\">\r\n\t\t\t\t\t\t\t\t<div class=\"feature-box\">\r\n\t\t\t\t\t\t\t\t\t\t\t\t\t\t\t\t\t\t\t\t\t\t<div class=\"icon\"><i class=\"fas fa-cross\"><\/i><\/div>\r\n\t\t\t\t\t\t\t\t\t\t\t\t\t\t\t\t\t\t\t\t\t\t\t\t\t\t\t\t\t\t\t\t<h3>Assembl\u00e9e Chr\u00e9tienne Fleuve de vie<\/h3>\r\n\t\t\t\t\t\t\t\t\t\t\t\t\t\t\t\t\t\t\t<p>Pasteur : AGGREY George<br \/>\n\ud83d\udccd 11 Rue R\u00e9aumur, 77380 Combs-la-ville<br \/>\n\ud83d\udcde 06 52 31 17 74<br \/>\n\ud83d\udce7 le.fdv@free.fr<br \/>\n\u26ea Lieu de culte : 11 rue Jean Rostand, 77380 COMBS LA VILLE<br \/>\n\u23f1\ufe0f Horaire du culte : 10h<\/p>\r\n\t\t\t\t\t\t\t\t\t\t\t\t\t\t\t\t<\/div>\r\n\t\t\t\t<\/div>\r\n<\/div>\r\n\t\t<\/div>\r\n\t\t[\/vc_column][vc_column width=&#8221;1\/3&#8243;]\t\t<div  class=\"sigma_infobox_wrapper sigma-infobox-1221194808 sigma-shortcode-wrapper icon-type-font infobox-style-3 infobox-center infobox-light\">\r\n\t\t\t<div class=\"core-feature-section\">\r\n\t\t\t\t<div class=\"features-loop\">\r\n\t\t\t\t\t\t\t\t<div class=\"feature-box\">\r\n\t\t\t\t\t\t\t\t\t\t\t\t\t\t\t\t\t\t\t\t\t\t<div class=\"icon\"><i class=\"fas fa-cross\"><\/i><\/div>\r\n\t\t\t\t\t\t\t\t\t\t\t\t\t\t\t\t\t\t\t\t\t\t\t\t\t\t\t\t\t\t\t\t<h3>Assembl\u00e9e \u00c9vang\u00e9lique La gr\u00e2ce de l&#039;\u00c9ternel<\/h3>\r\n\t\t\t\t\t\t\t\t\t\t\t\t\t\t\t\t\t\t\t<p>Pasteur : SUKU Gilbert<br \/>\n\ud83d\udcde 03 44 55 57 17<br \/>\n\ud83d\udce7 lagrace_deleternel@yahoo.fr<br \/>\n\u26ea Lieu de culte : 3 rue du Marais Sec, 60180 NOGENT SUR OISE<\/p>\r\n\t\t\t\t\t\t\t\t\t\t\t\t\t\t\t\t<\/div>\r\n\t\t\t\t<\/div>\r\n<\/div>\r\n\t\t<\/div>\r\n\t\t[\/vc_column][\/vc_row][vc_row equal_height=&#8221;yes&#8221; row_css_md=&#8221;.vc_custom_1761518300509{padding-top: 110px !important;}&#8221;][vc_column width=&#8221;1\/3&#8243;]\t\t<div  class=\"sigma_infobox_wrapper sigma-infobox-516887635 sigma-shortcode-wrapper icon-type-font infobox-style-3 infobox-center infobox-light\">\r\n\t\t\t<div class=\"core-feature-section\">\r\n\t\t\t\t<div class=\"features-loop\">\r\n\t\t\t\t\t\t\t\t<div class=\"feature-box\">\r\n\t\t\t\t\t\t\t\t\t\t\t\t\t\t\t\t\t\t\t\t\t\t<div class=\"icon\"><i class=\"fas fa-cross\"><\/i><\/div>\r\n\t\t\t\t\t\t\t\t\t\t\t\t\t\t\t\t\t\t\t\t\t\t\t\t\t\t\t\t\t\t\t\t<h3>Assembl\u00e9e \u00c9vang\u00e9lique Le Rocher<\/h3>\r\n\t\t\t\t\t\t\t\t\t\t\t\t\t\t\t\t\t\t\t<p>Pasteur : MAS MIANGU F\u00e9licien<br \/>\n\u26ea Lieu de culte : 36 avenue du Pr\u00e9sident Salvador Allende, 93100 MONTREUIL SOUS BOIS<br \/>\n\ud83d\udcde 09 53 64 36 11 et 06 28 01 52 89<br \/>\n\ud83d\udce7 eglise.lerocher@free.fr<br \/>\n\u23f1\ufe0f Horaire de culte: Vendredi 19h00-21h00 et Dimanche culte dominical 9h30-12h30<\/p>\r\n\t\t\t\t\t\t\t\t\t\t\t\t\t\t\t\t<\/div>\r\n\t\t\t\t<\/div>\r\n<\/div>\r\n\t\t<\/div>\r\n\t\t[\/vc_column][vc_column width=&#8221;1\/3&#8243;]\t\t<div  class=\"sigma_infobox_wrapper sigma-infobox-1650878011 sigma-shortcode-wrapper icon-type-font infobox-style-3 infobox-center infobox-light\">\r\n\t\t\t<div class=\"core-feature-section\">\r\n\t\t\t\t<div class=\"features-loop\">\r\n\t\t\t\t\t\t\t\t<div class=\"feature-box\">\r\n\t\t\t\t\t\t\t\t\t\t\t\t\t\t\t\t\t\t\t\t\t\t<div class=\"icon\"><i class=\"fas fa-cross\"><\/i><\/div>\r\n\t\t\t\t\t\t\t\t\t\t\t\t\t\t\t\t\t\t\t\t\t\t\t\t\t\t\t\t\t\t\t\t<h3>Assembl\u00e9e Chr\u00e9tienne Fleuve de vie<\/h3>\r\n\t\t\t\t\t\t\t\t\t\t\t\t\t\t\t\t\t\t\t<p>Pasteur : AGGREY George<br \/>\n\ud83d\udccd 11 Rue R\u00e9aumur, 77380 Combs-la-ville<br \/>\n\ud83d\udcde 06 52 31 17 74<br \/>\n\ud83d\udce7 le.fdv@free.fr<br \/>\n\u26ea Lieu de culte : 11 rue Jean Rostand, 77380 COMBS LA VILLE<br \/>\n\u23f1\ufe0f Horaire du culte : 10h<\/p>\r\n\t\t\t\t\t\t\t\t\t\t\t\t\t\t\t\t<\/div>\r\n\t\t\t\t<\/div>\r\n<\/div>\r\n\t\t<\/div>\r\n\t\t[\/vc_column][vc_column width=&#8221;1\/3&#8243;]\t\t<div  class=\"sigma_infobox_wrapper sigma-infobox-1243480170 sigma-shortcode-wrapper icon-type-font infobox-style-3 infobox-center infobox-light\">\r\n\t\t\t<div class=\"core-feature-section\">\r\n\t\t\t\t<div class=\"features-loop\">\r\n\t\t\t\t\t\t\t\t<div class=\"feature-box\">\r\n\t\t\t\t\t\t\t\t\t\t\t\t\t\t\t\t\t\t\t\t\t\t<div class=\"icon\"><i class=\"fas fa-cross\"><\/i><\/div>\r\n\t\t\t\t\t\t\t\t\t\t\t\t\t\t\t\t\t\t\t\t\t\t\t\t\t\t\t\t\t\t\t\t<h3>ACER<\/h3>\r\n\t\t\t\t\t\t\t\t\t\t\t\t\t\t\t\t\t\t\t<p>Pasteurs : TSENGUE Alain Patrick<br \/>\n\ud83d\udce7 iam.acerp@gmail.com<br \/>\n\ud83d\udcde 06 36 91 21 74<br \/>\n\ud83d\udda5\ufe0f acerparis.fr<br \/>\n\u26ea Lieu de culte : 36 avenue du Pr\u00e9sident Salvador Allende - 93100 MONTREUIL SOUS BOIS<br \/>\n\u23f1\ufe0f Horaire : 10 h 15<\/p>\r\n\t\t\t\t\t\t\t\t\t\t\t\t\t\t\t\t<\/div>\r\n\t\t\t\t<\/div>\r\n<\/div>\r\n\t\t<\/div>\r\n\t\t[\/vc_column][\/vc_row][vc_row equal_height=&#8221;yes&#8221; row_css_md=&#8221;.vc_custom_1761518300509{padding-top: 110px !important;}&#8221;][vc_column width=&#8221;1\/3&#8243;]\t\t<div  class=\"sigma_infobox_wrapper sigma-infobox-868362475 sigma-shortcode-wrapper icon-type-font infobox-style-3 infobox-center infobox-light\">\r\n\t\t\t<div class=\"core-feature-section\">\r\n\t\t\t\t<div class=\"features-loop\">\r\n\t\t\t\t\t\t\t\t<div class=\"feature-box\">\r\n\t\t\t\t\t\t\t\t\t\t\t\t\t\t\t\t\t\t\t\t\t\t<div class=\"icon\"><i class=\"fas fa-cross\"><\/i><\/div>\r\n\t\t\t\t\t\t\t\t\t\t\t\t\t\t\t\t\t\t\t\t\t\t\t\t\t\t\t\t\t\t\t\t<h3>Assembl\u00e9e \u00c9vang\u00e9lique Parole de vie<\/h3>\r\n\t\t\t\t\t\t\t\t\t\t\t\t\t\t\t\t\t\t\t<p>Pasteur : KANOKAYA Wasolua Guy<br \/>\n\u26ea Lieu de culte : 1 rue du Docteur Roux - 94600 CHOISY LE ROI,<br \/>\n\ud83d\udcde 06 99 08 11 85<br \/>\n\ud83d\udce7 wasolua@free.fr<\/p>\r\n\t\t\t\t\t\t\t\t\t\t\t\t\t\t\t\t<\/div>\r\n\t\t\t\t<\/div>\r\n<\/div>\r\n\t\t<\/div>\r\n\t\t[\/vc_column][vc_column width=&#8221;1\/3&#8243;]\t\t<div  class=\"sigma_infobox_wrapper sigma-infobox-68270626 sigma-shortcode-wrapper icon-type-font infobox-style-3 infobox-center infobox-light\">\r\n\t\t\t<div class=\"core-feature-section\">\r\n\t\t\t\t<div class=\"features-loop\">\r\n\t\t\t\t\t\t\t\t<div class=\"feature-box\">\r\n\t\t\t\t\t\t\t\t\t\t\t\t\t\t\t\t\t\t\t\t\t\t<div class=\"icon\"><i class=\"fas fa-cross\"><\/i><\/div>\r\n\t\t\t\t\t\t\t\t\t\t\t\t\t\t\t\t\t\t\t\t\t\t\t\t\t\t\t\t\t\t\t\t<h3>Assembl\u00e9e \u00c9vang\u00e9lique Arche de paix<\/h3>\r\n\t\t\t\t\t\t\t\t\t\t\t\t\t\t\t\t\t\t\t<p>Pasteurs : MOKE Georgine, MOKE Louis<br \/>\n\ud83d\udcde 01 49 46 92 12<br \/>\n\ud83d\udce7 kinmaggy@yahoo.fr \/ coordination@archedepaix.com<br \/>\n\u26ea Lieu de culte : 75 Rue de la Briche, 93200 SAINT DENIS<br \/>\n\u23f1\ufe0f Horaire du culte : 10h<\/p>\r\n\t\t\t\t\t\t\t\t\t\t\t\t\t\t\t\t<\/div>\r\n\t\t\t\t<\/div>\r\n<\/div>\r\n\t\t<\/div>\r\n\t\t[\/vc_column][vc_column width=&#8221;1\/3&#8243;]\t\t<div  class=\"sigma_infobox_wrapper sigma-infobox-1773905961 sigma-shortcode-wrapper icon-type-font infobox-style-3 infobox-center infobox-light\">\r\n\t\t\t<div class=\"core-feature-section\">\r\n\t\t\t\t<div class=\"features-loop\">\r\n\t\t\t\t\t\t\t\t<div class=\"feature-box\">\r\n\t\t\t\t\t\t\t\t\t\t\t\t\t\t\t\t\t\t\t\t\t\t<div class=\"icon\"><i class=\"fas fa-cross\"><\/i><\/div>\r\n\t\t\t\t\t\t\t\t\t\t\t\t\t\t\t\t\t\t\t\t\t\t\t\t\t\t\t\t\t\t\t\t<h3>Centre d\u2019\u00c9vang\u00e9lisation la R\u00e9surrection<\/h3>\r\n\t\t\t\t\t\t\t\t\t\t\t\t\t\t\t\t\t\t\t<p>Pasteur : PULULU Bienvenu<br \/>\n\ud83d\udcde 06 26 85 40 08<br \/>\n\ud83d\udce7 bienvenu.pululu@yahoo.fr<br \/>\n\u26ea Lieu de culte : 20-22 rue Jean Allemane, 93430 VILLETANEUSE<br \/>\n\u23f1\ufe0f Horaire du culte : 14 h 00<\/p>\r\n\t\t\t\t\t\t\t\t\t\t\t\t\t\t\t\t<\/div>\r\n\t\t\t\t<\/div>\r\n<\/div>\r\n\t\t<\/div>\r\n\t\t[\/vc_column][\/vc_row][vc_row equal_height=&#8221;yes&#8221; row_css_md=&#8221;.vc_custom_1761518300509{padding-top: 110px !important;}&#8221;][vc_column width=&#8221;1\/3&#8243;]\t\t<div  class=\"sigma_infobox_wrapper sigma-infobox-1498298799 sigma-shortcode-wrapper icon-type-font infobox-style-3 infobox-center infobox-light\">\r\n\t\t\t<div class=\"core-feature-section\">\r\n\t\t\t\t<div class=\"features-loop\">\r\n\t\t\t\t\t\t\t\t<div class=\"feature-box\">\r\n\t\t\t\t\t\t\t\t\t\t\t\t\t\t\t\t\t\t\t\t\t\t<div class=\"icon\"><i class=\"fas fa-cross\"><\/i><\/div>\r\n\t\t\t\t\t\t\t\t\t\t\t\t\t\t\t\t\t\t\t\t\t\t\t\t\t\t\t\t\t\t\t\t<h3>Centre d\u2019\u00c9vang\u00e9lisation Le R\u00e9veil<\/h3>\r\n\t\t\t\t\t\t\t\t\t\t\t\t\t\t\t\t\t\t\t<p>Pasteur : NGOY Jean-Pierre<br \/>\n\ud83d\udcde 06 20 64 87 02<br \/>\n\ud83d\udce7 kabunda.ngoy@gmail.com<br \/>\n\u26ea Lieu de culte : 52 Rue Ernest Renan, 92000 NANTERRE<br \/>\nHoraire du culte : 10 h 00<\/p>\r\n\t\t\t\t\t\t\t\t\t\t\t\t\t\t\t\t<\/div>\r\n\t\t\t\t<\/div>\r\n<\/div>\r\n\t\t<\/div>\r\n\t\t[\/vc_column][vc_column width=&#8221;1\/3&#8243;]\t\t<div  class=\"sigma_infobox_wrapper sigma-infobox-1031221212 sigma-shortcode-wrapper icon-type-font infobox-style-3 infobox-center infobox-light\">\r\n\t\t\t<div class=\"core-feature-section\">\r\n\t\t\t\t<div class=\"features-loop\">\r\n\t\t\t\t\t\t\t\t<div class=\"feature-box\">\r\n\t\t\t\t\t\t\t\t\t\t\t\t\t\t\t\t\t\t\t\t\t\t<div class=\"icon\"><i class=\"fas fa-cross\"><\/i><\/div>\r\n\t\t\t\t\t\t\t\t\t\t\t\t\t\t\t\t\t\t\t\t\t\t\t\t\t\t\t\t\t\t\t\t<h3>Centre \u00c9vang\u00e9lique Maranatha<\/h3>\r\n\t\t\t\t\t\t\t\t\t\t\t\t\t\t\t\t\t\t\t<p>Pasteur : MOSENGO Jean-Claude<br \/>\n\ud83d\udcde 06 11 05 42 38<br \/>\n\ud83d\udce7 jcmosengo@yahoo.fr \/ ak_franck@yahoo.com<br \/>\n\u26ea Lieu de culte : 5-7 rue C\u00e9lestin Freinet, 28100 Dreux<br \/>\n\u23f1\ufe0f Horaire du culte : 15 h 00<\/p>\r\n\t\t\t\t\t\t\t\t\t\t\t\t\t\t\t\t<\/div>\r\n\t\t\t\t<\/div>\r\n<\/div>\r\n\t\t<\/div>\r\n\t\t[\/vc_column][vc_column width=&#8221;1\/3&#8243;]\t\t<div  class=\"sigma_infobox_wrapper sigma-infobox-1405301898 sigma-shortcode-wrapper icon-type-font infobox-style-3 infobox-center infobox-light\">\r\n\t\t\t<div class=\"core-feature-section\">\r\n\t\t\t\t<div class=\"features-loop\">\r\n\t\t\t\t\t\t\t\t<div class=\"feature-box\">\r\n\t\t\t\t\t\t\t\t\t\t\t\t\t\t\t\t\t\t\t\t\t\t<div class=\"icon\"><i class=\"fas fa-cross\"><\/i><\/div>\r\n\t\t\t\t\t\t\t\t\t\t\t\t\t\t\t\t\t\t\t\t\t\t\t\t\t\t\t\t\t\t\t\t<h3>Centre Chr\u00e9tien d\u2019\u00c9vang\u00e9lisation Amour et V\u00e9rit\u00e9<\/h3>\r\n\t\t\t\t\t\t\t\t\t\t\t\t\t\t\t\t\t\t\t<p>Pasteur : NDJOLI Philippe<br \/>\n\ud83d\udcde 01 48 35 99 59 \/ 06 20 84 60 98<br \/>\n\ud83d\udce7 contact@amouretverite.com<br \/>\n\ud83d\udda5\ufe0f amouretverite.com<br \/>\n\u26ea Lieu de culte : 122 rue de Paris, 93100 MONTREUIL<br \/>\n\u23f1\ufe0f Horaire du culte : Dimanche 10 h00<\/p>\r\n\t\t\t\t\t\t\t\t\t\t\t\t\t\t\t\t<\/div>\r\n\t\t\t\t<\/div>\r\n<\/div>\r\n\t\t<\/div>\r\n\t\t[\/vc_column][\/vc_row][vc_row equal_height=&#8221;yes&#8221; row_css_md=&#8221;.vc_custom_1761518300509{padding-top: 110px !important;}&#8221;][vc_column width=&#8221;1\/3&#8243;]\t\t<div  class=\"sigma_infobox_wrapper sigma-infobox-1261629308 sigma-shortcode-wrapper icon-type-font infobox-style-3 infobox-center infobox-light\">\r\n\t\t\t<div class=\"core-feature-section\">\r\n\t\t\t\t<div class=\"features-loop\">\r\n\t\t\t\t\t\t\t\t<div class=\"feature-box\">\r\n\t\t\t\t\t\t\t\t\t\t\t\t\t\t\t\t\t\t\t\t\t\t<div class=\"icon\"><i class=\"fas fa-cross\"><\/i><\/div>\r\n\t\t\t\t\t\t\t\t\t\t\t\t\t\t\t\t\t\t\t\t\t\t\t\t\t\t\t\t\t\t\t\t<h3>Centre B\u00e9thel<\/h3>\r\n\t\t\t\t\t\t\t\t\t\t\t\t\t\t\t\t\t\t\t<p>Pasteur : OUEDRAOGO Adama Isra\u00ebl<br \/>\n\ud83d\udcde 01 72 54 73 55 \/ 06 15 90 82 96,<br \/>\n\u2709\ufe0f sec.centrebethelfr@gmail.com<br \/>\n\u26ea Lieu de culte : 5 all\u00e9e des Souches<br \/>\n78260 ACHERES \u00e0 10 h 00<\/p>\r\n\t\t\t\t\t\t\t\t\t\t\t\t\t\t\t\t<\/div>\r\n\t\t\t\t<\/div>\r\n<\/div>\r\n\t\t<\/div>\r\n\t\t[\/vc_column][vc_column width=&#8221;1\/3&#8243;]\t\t<div  class=\"sigma_infobox_wrapper sigma-infobox-1477744822 sigma-shortcode-wrapper icon-type-font infobox-style-3 infobox-center infobox-light\">\r\n\t\t\t<div class=\"core-feature-section\">\r\n\t\t\t\t<div class=\"features-loop\">\r\n\t\t\t\t\t\t\t\t<div class=\"feature-box\">\r\n\t\t\t\t\t\t\t\t\t\t\t\t\t\t\t\t\t\t\t\t\t\t<div class=\"icon\"><i class=\"fas fa-cross\"><\/i><\/div>\r\n\t\t\t\t\t\t\t\t\t\t\t\t\t\t\t\t\t\t\t\t\t\t\t\t\t\t\t\t\t\t\t\t<h3>\u00c9glise \u00c9vang\u00e9lique Parole de Vie<\/h3>\r\n\t\t\t\t\t\t\t\t\t\t\t\t\t\t\t\t\t\t\t<p>Pasteur : BOMPOLONGA Guy<br \/>\n\ud83d\udcde 01 60 77 18 07<br \/>\n\ud83d\udce7 parole-de-vie@hotmail.fr<br \/>\n\u26ea Lieu de culte : 17\/19 rue Gustave Eiffel, ZI La Marini\u00e8re, 91070 BONDOUFLE<\/p>\r\n\t\t\t\t\t\t\t\t\t\t\t\t\t\t\t\t<\/div>\r\n\t\t\t\t<\/div>\r\n<\/div>\r\n\t\t<\/div>\r\n\t\t[\/vc_column][vc_column width=&#8221;1\/3&#8243;]\t\t<div  class=\"sigma_infobox_wrapper sigma-infobox-1259052858 sigma-shortcode-wrapper icon-type-font infobox-style-3 infobox-center infobox-light\">\r\n\t\t\t<div class=\"core-feature-section\">\r\n\t\t\t\t<div class=\"features-loop\">\r\n\t\t\t\t\t\t\t\t<div class=\"feature-box\">\r\n\t\t\t\t\t\t\t\t\t\t\t\t\t\t\t\t\t\t\t\t\t\t<div class=\"icon\"><i class=\"fas fa-cross\"><\/i><\/div>\r\n\t\t\t\t\t\t\t\t\t\t\t\t\t\t\t\t\t\t\t\t\t\t\t\t\t\t\t\t\t\t\t\t<h3>\u00c9glise \u00c9vang\u00e9lique Eben-Ezer<\/h3>\r\n\t\t\t\t\t\t\t\t\t\t\t\t\t\t\t\t\t\t\t<p>Pasteur : SHUNGU Esther<br \/>\n\ud83d\udcde 01 58 42 05 76 \/ 01 58 42 05 57<br \/>\n\ud83d\udce7 ebenezer1@free.fr<br \/>\n\u26ea Lieux de culte : 2 rue des Cosmonautes, 94600 CHOISY LE ROI<\/p>\r\n\t\t\t\t\t\t\t\t\t\t\t\t\t\t\t\t<\/div>\r\n\t\t\t\t<\/div>\r\n<\/div>\r\n\t\t<\/div>\r\n\t\t[\/vc_column][\/vc_row][vc_row equal_height=&#8221;yes&#8221; row_css_md=&#8221;.vc_custom_1761518300509{padding-top: 110px !important;}&#8221;][vc_column width=&#8221;1\/3&#8243;]\t\t<div  class=\"sigma_infobox_wrapper sigma-infobox-949586898 sigma-shortcode-wrapper icon-type-font infobox-style-3 infobox-center infobox-light\">\r\n\t\t\t<div class=\"core-feature-section\">\r\n\t\t\t\t<div class=\"features-loop\">\r\n\t\t\t\t\t\t\t\t<div class=\"feature-box\">\r\n\t\t\t\t\t\t\t\t\t\t\t\t\t\t\t\t\t\t\t\t\t\t<div class=\"icon\"><i class=\"fas fa-cross\"><\/i><\/div>\r\n\t\t\t\t\t\t\t\t\t\t\t\t\t\t\t\t\t\t\t\t\t\t\t\t\t\t\t\t\t\t\t\t<h3>\u00c9glise Plein Evangile<\/h3>\r\n\t\t\t\t\t\t\t\t\t\t\t\t\t\t\t\t\t\t\t<p>Pasteur : LUTUMBA Charles<br \/>\n\u2709\ufe0f evangilecolombes@hotmail.fr<br \/>\n\u26ea Lieu de culte : Combs la Ville : 7 Rue d\u2019Enghien, 92700 COLOMBES<br \/>\n\u23f1\ufe0f Horaire du culte : 10h<\/p>\r\n\t\t\t\t\t\t\t\t\t\t\t\t\t\t\t\t<\/div>\r\n\t\t\t\t<\/div>\r\n<\/div>\r\n\t\t<\/div>\r\n\t\t[\/vc_column][vc_column width=&#8221;1\/3&#8243;]\t\t<div  class=\"sigma_infobox_wrapper sigma-infobox-2116413640 sigma-shortcode-wrapper icon-type-font infobox-style-3 infobox-center infobox-light\">\r\n\t\t\t<div class=\"core-feature-section\">\r\n\t\t\t\t<div class=\"features-loop\">\r\n\t\t\t\t\t\t\t\t<div class=\"feature-box\">\r\n\t\t\t\t\t\t\t\t\t\t\t\t\t\t\t\t\t\t\t\t\t\t<div class=\"icon\"><i class=\"fas fa-cross\"><\/i><\/div>\r\n\t\t\t\t\t\t\t\t\t\t\t\t\t\t\t\t\t\t\t\t\t\t\t\t\t\t\t\t\t\t\t\t<h3>\u00c9glise \u00c9vang\u00e9lique Parole de Vie<\/h3>\r\n\t\t\t\t\t\t\t\t\t\t\t\t\t\t\t\t\t\t\t<p>Pasteur : Pasteur NZILA Sandras<br \/>\n\ud83d\udcde 06 03 57 73 02<br \/>\n\u26ea Lieu de culte : 281 avenue Jean Jaur\u00e8s, 69150 D\u00c9CINES<\/p>\r\n\t\t\t\t\t\t\t\t\t\t\t\t\t\t\t\t<\/div>\r\n\t\t\t\t<\/div>\r\n<\/div>\r\n\t\t<\/div>\r\n\t\t[\/vc_column][vc_column width=&#8221;1\/3&#8243;]\t\t<div  class=\"sigma_infobox_wrapper sigma-infobox-1579811846 sigma-shortcode-wrapper icon-type-font infobox-style-3 infobox-center infobox-light\">\r\n\t\t\t<div class=\"core-feature-section\">\r\n\t\t\t\t<div class=\"features-loop\">\r\n\t\t\t\t\t\t\t\t<div class=\"feature-box\">\r\n\t\t\t\t\t\t\t\t\t\t\t\t\t\t\t\t\t\t\t\t\t\t<div class=\"icon\"><i class=\"fas fa-cross\"><\/i><\/div>\r\n\t\t\t\t\t\t\t\t\t\t\t\t\t\t\t\t\t\t\t\t\t\t\t\t\t\t\t\t\t\t\t\t<h3>\u00c9glise Cit\u00e9 de la Gr\u00e2ce<\/h3>\r\n\t\t\t\t\t\t\t\t\t\t\t\t\t\t\t\t\t\t\t<p>Pasteur : MAKANDA Alain<br \/>\n\ud83d\udcde 06 03 27 20 64<br \/>\n\ud83d\udce7 citedelacegrace@yahoo.fr<br \/>\n\u26ea Lieu de culte : 5 Rue de Montespan, 91000 EVRY<\/p>\r\n\t\t\t\t\t\t\t\t\t\t\t\t\t\t\t\t<\/div>\r\n\t\t\t\t<\/div>\r\n<\/div>\r\n\t\t<\/div>\r\n\t\t[\/vc_column][\/vc_row][vc_row equal_height=&#8221;yes&#8221; row_css_md=&#8221;.vc_custom_1761518300509{padding-top: 110px !important;}&#8221;][vc_column width=&#8221;1\/3&#8243;]\t\t<div  class=\"sigma_infobox_wrapper sigma-infobox-1015908011 sigma-shortcode-wrapper icon-type-font infobox-style-3 infobox-center infobox-light\">\r\n\t\t\t<div class=\"core-feature-section\">\r\n\t\t\t\t<div class=\"features-loop\">\r\n\t\t\t\t\t\t\t\t<div class=\"feature-box\">\r\n\t\t\t\t\t\t\t\t\t\t\t\t\t\t\t\t\t\t\t\t\t\t<div class=\"icon\"><i class=\"fas fa-cross\"><\/i><\/div>\r\n\t\t\t\t\t\t\t\t\t\t\t\t\t\t\t\t\t\t\t\t\t\t\t\t\t\t\t\t\t\t\t\t<h3>\u00c9glise \u00c9vang\u00e9lique de France<\/h3>\r\n\t\t\t\t\t\t\t\t\t\t\t\t\t\t\t\t\t\t\t<p>Pasteur : CHARLES Lionel<br \/>\n\ud83d\udcde 07 68 04 49 60<br \/>\n\u2709\ufe0f infoscontacts95eef@gmail.com<br \/>\n\u26ea Lieu de culte : 26, rue Jacques Anquetil \u2013 95190 Goussainville<br \/>\n\u23f1\ufe0f Horaire du culte : 10h45<br \/>\n\u26ea Lieu de culte : 57 avenue de la R\u00e9publique - 78130 Les Mureaux<\/p>\r\n\t\t\t\t\t\t\t\t\t\t\t\t\t\t\t\t<\/div>\r\n\t\t\t\t<\/div>\r\n<\/div>\r\n\t\t<\/div>\r\n\t\t[\/vc_column][vc_column width=&#8221;1\/3&#8243;]\t\t<div  class=\"sigma_infobox_wrapper sigma-infobox-1892705531 sigma-shortcode-wrapper icon-type-font infobox-style-3 infobox-center infobox-light\">\r\n\t\t\t<div class=\"core-feature-section\">\r\n\t\t\t\t<div class=\"features-loop\">\r\n\t\t\t\t\t\t\t\t<div class=\"feature-box\">\r\n\t\t\t\t\t\t\t\t\t\t\t\t\t\t\t\t\t\t\t\t\t\t<div class=\"icon\"><i class=\"fas fa-cross\"><\/i><\/div>\r\n\t\t\t\t\t\t\t\t\t\t\t\t\t\t\t\t\t\t\t\t\t\t\t\t\t\t\t\t\t\t\t\t<h3>\u00c9glise UEESO de France<\/h3>\r\n\t\t\t\t\t\t\t\t\t\t\t\t\t\t\t\t\t\t\t<p>Pasteur : DEHEYE Roger<br \/>\n\ud83d\udcde 06 52 36 26 85<br \/>\n\u2709\ufe0f ueesodefrance@gmail.com<br \/>\n\u26ea Lieu de culte : 39 rue des Deux Gares, 78711 MANTES LA VILLE<br \/>\n\u23f1\ufe0f Horaire du culte : 10 h 30<\/p>\r\n\t\t\t\t\t\t\t\t\t\t\t\t\t\t\t\t<\/div>\r\n\t\t\t\t<\/div>\r\n<\/div>\r\n\t\t<\/div>\r\n\t\t[\/vc_column][vc_column width=&#8221;1\/3&#8243;]\t\t<div  class=\"sigma_infobox_wrapper sigma-infobox-1914915543 sigma-shortcode-wrapper infobox-style-3 infobox-left infobox-light\">\r\n\t\t\t<div class=\"core-feature-section\">\r\n\t\t\t\t<div class=\"features-loop\">\r\n\t\t\t\t\t\t\t\t<div class=\"feature-box\">\r\n\t\t\t\t\t\t\t\t\t\t\t\t\t\t\t\t\t\t\t\t\t\t\t\t\t\t\t\t<h3>\u00c9glise CCE JENES<\/h3>\r\n\t\t\t\t\t\t\t\t\t\t\t\t\t\t\t\t\t\t\t<p>Pasteur : BIANA Daniel<br \/>\n\ud83d\udcde 06 52 14 14 10<br \/>\n\ud83d\udce7 adeline.biana@orange.fr<br \/>\n\u26ea Lieu de culte : 34 avenue du Pr\u00e9sident Salvador Allende, 93100 MONTREUIL SOUS BOIS<\/p>\r\n\t\t\t\t\t\t\t\t\t\t\t\t\t\t\t\t<\/div>\r\n\t\t\t\t<\/div>\r\n<\/div>\r\n\t\t<\/div>\r\n\t\t[\/vc_column][\/vc_row][vc_row equal_height=&#8221;yes&#8221; row_css_md=&#8221;.vc_custom_1761518300509{padding-top: 110px !important;}&#8221;][vc_column width=&#8221;1\/3&#8243;]\t\t<div  class=\"sigma_infobox_wrapper sigma-infobox-1251386715 sigma-shortcode-wrapper icon-type-font infobox-style-3 infobox-center infobox-light\">\r\n\t\t\t<div class=\"core-feature-section\">\r\n\t\t\t\t<div class=\"features-loop\">\r\n\t\t\t\t\t\t\t\t<div class=\"feature-box\">\r\n\t\t\t\t\t\t\t\t\t\t\t\t\t\t\t\t\t\t\t\t\t\t<div class=\"icon\"><i class=\"fas fa-cross\"><\/i><\/div>\r\n\t\t\t\t\t\t\t\t\t\t\t\t\t\t\t\t\t\t\t\t\t\t\t\t\t\t\t\t\t\t\t\t<h3>\u00c9glise \u00c9vang\u00e9lique Les B\u00e2tisseurs de la Cit\u00e9<\/h3>\r\n\t\t\t\t\t\t\t\t\t\t\t\t\t\t\t\t\t\t\t<p>Pasteur : GNASSOUNOU C\u00e9leste<br \/>\n\ud83d\udcde 07 51 28 36 47 \/ 06 20 84 60 98<br \/>\n\u2709\ufe0f batisseursdelacite@free.fr<br \/>\n\u26ea Lieu de culte : 6 Rue du 19 Mars 1962, 94200 IVRY SUR SEINE<br \/>\n\u23f1\ufe0f Horaire du culte : 14 h 30<\/p>\r\n\t\t\t\t\t\t\t\t\t\t\t\t\t\t\t\t<\/div>\r\n\t\t\t\t<\/div>\r\n<\/div>\r\n\t\t<\/div>\r\n\t\t[\/vc_column][vc_column width=&#8221;1\/3&#8243;]\t\t<div  class=\"sigma_infobox_wrapper sigma-infobox-1823341746 sigma-shortcode-wrapper icon-type-font infobox-style-3 infobox-center infobox-light\">\r\n\t\t\t<div class=\"core-feature-section\">\r\n\t\t\t\t<div class=\"features-loop\">\r\n\t\t\t\t\t\t\t\t<div class=\"feature-box\">\r\n\t\t\t\t\t\t\t\t\t\t\t\t\t\t\t\t\t\t\t\t\t\t<div class=\"icon\"><i class=\"fas fa-cross\"><\/i><\/div>\r\n\t\t\t\t\t\t\t\t\t\t\t\t\t\t\t\t\t\t\t\t\t\t\t\t\t\t\t\t\t\t\t\t<h3>\u00c9glise \u00c9vang\u00e9lique La Pierre Pr\u00e9cieuse<\/h3>\r\n\t\t\t\t\t\t\t\t\t\t\t\t\t\t\t\t\t\t\t<p>Pasteur : BUKA Bele<br \/>\n\ud83d\udcde 03 89 54 10 50<br \/>\n\u2709\ufe0f belebuka@hotmail.com<br \/>\n\u26ea Lieu du culte : 5 Rue Pierre et Marie Curie, 68110 ILLZACH<\/p>\r\n\t\t\t\t\t\t\t\t\t\t\t\t\t\t\t\t<\/div>\r\n\t\t\t\t<\/div>\r\n<\/div>\r\n\t\t<\/div>\r\n\t\t[\/vc_column][vc_column width=&#8221;1\/3&#8243;]\t\t<div  class=\"sigma_infobox_wrapper sigma-infobox-1006705477 sigma-shortcode-wrapper icon-type-font infobox-style-3 infobox-center infobox-light\">\r\n\t\t\t<div class=\"core-feature-section\">\r\n\t\t\t\t<div class=\"features-loop\">\r\n\t\t\t\t\t\t\t\t<div class=\"feature-box\">\r\n\t\t\t\t\t\t\t\t\t\t\t\t\t\t\t\t\t\t\t\t\t\t<div class=\"icon\"><i class=\"fas fa-cross\"><\/i><\/div>\r\n\t\t\t\t\t\t\t\t\t\t\t\t\t\t\t\t\t\t\t\t\t\t\t\t\t\t\t\t\t\t\t\t<h3>\u00c9glise \u00c9vang\u00e9lique Geths\u00e9man\u00e9<\/h3>\r\n\t\t\t\t\t\t\t\t\t\t\t\t\t\t\t\t\t\t\t<p>Pasteur : MANPASI Emmanuel<br \/>\n\ud83d\udcde 06 19 66 09 17<br \/>\n\ud83d\udce7 m.kimvuela@yahoo.fr<br \/>\n\u26ea Lieu de culte : 22-24 rue Jean Allemane, 93430 VILLETANEUSE<\/p>\r\n\t\t\t\t\t\t\t\t\t\t\t\t\t\t\t\t<\/div>\r\n\t\t\t\t<\/div>\r\n<\/div>\r\n\t\t<\/div>\r\n\t\t[\/vc_column][\/vc_row][vc_row equal_height=&#8221;yes&#8221; row_css_md=&#8221;.vc_custom_1761518300509{padding-top: 110px !important;}&#8221;][vc_column width=&#8221;1\/3&#8243;]\t\t<div  class=\"sigma_infobox_wrapper sigma-infobox-1614600642 sigma-shortcode-wrapper icon-type-font infobox-style-3 infobox-center infobox-light\">\r\n\t\t\t<div class=\"core-feature-section\">\r\n\t\t\t\t<div class=\"features-loop\">\r\n\t\t\t\t\t\t\t\t<div class=\"feature-box\">\r\n\t\t\t\t\t\t\t\t\t\t\t\t\t\t\t\t\t\t\t\t\t\t<div class=\"icon\"><i class=\"fas fa-cross\"><\/i><\/div>\r\n\t\t\t\t\t\t\t\t\t\t\t\t\t\t\t\t\t\t\t\t\t\t\t\t\t\t\t\t\t\t\t\t<h3>\u00c9glise \u00c9vang\u00e9lique Antioche<\/h3>\r\n\t\t\t\t\t\t\t\t\t\t\t\t\t\t\t\t\t\t\t<p>Pasteur : TAHI Michel<br \/>\n\ud83d\udcde 06 69 94 47 47<br \/>\n\u2709\ufe0f tahi.michel@yahoo.fr<br \/>\n\u26ea Lieu de culte : 8 Boulevard Gallieni 92230 Genevilliers<br \/>\n\u23f1\ufe0f Horaire du culte : 9 h 00 \u2013 12 h 00<\/p>\r\n\t\t\t\t\t\t\t\t\t\t\t\t\t\t\t\t<\/div>\r\n\t\t\t\t<\/div>\r\n<\/div>\r\n\t\t<\/div>\r\n\t\t[\/vc_column][vc_column width=&#8221;1\/3&#8243;]\t\t<div  class=\"sigma_infobox_wrapper sigma-infobox-1328157197 sigma-shortcode-wrapper icon-type-font infobox-style-3 infobox-center infobox-light\">\r\n\t\t\t<div class=\"core-feature-section\">\r\n\t\t\t\t<div class=\"features-loop\">\r\n\t\t\t\t\t\t\t\t<div class=\"feature-box\">\r\n\t\t\t\t\t\t\t\t\t\t\t\t\t\t\t\t\t\t\t\t\t\t<div class=\"icon\"><i class=\"fas fa-cross\"><\/i><\/div>\r\n\t\t\t\t\t\t\t\t\t\t\t\t\t\t\t\t\t\t\t\t\t\t\t\t\t\t\t\t\t\t\t\t<h3>\u00c9glise Gethseman\u00e9, centre perc\u00e9e-reflets<\/h3>\r\n\t\t\t\t\t\t\t\t\t\t\t\t\t\t\t\t\t\t\t<p>Pasteur : Arthur KALE LIBIE<br \/>\n\ud83d\udcde 01 69 03 28 50<br \/>\n\u2709\ufe0f gethsemanecentre@aol.com<br \/>\n\u26ea Lieu de culte : 5, Avenue Condorcet, 91260 JUVISY-SUR-ORGE<\/p>\r\n\t\t\t\t\t\t\t\t\t\t\t\t\t\t\t\t<\/div>\r\n\t\t\t\t<\/div>\r\n<\/div>\r\n\t\t<\/div>\r\n\t\t[\/vc_column][vc_column width=&#8221;1\/3&#8243;]\t\t<div  class=\"sigma_infobox_wrapper sigma-infobox-2101353081 sigma-shortcode-wrapper icon-type-font infobox-style-3 infobox-center infobox-light\">\r\n\t\t\t<div class=\"core-feature-section\">\r\n\t\t\t\t<div class=\"features-loop\">\r\n\t\t\t\t\t\t\t\t<div class=\"feature-box\">\r\n\t\t\t\t\t\t\t\t\t\t\t\t\t\t\t\t\t\t\t\t\t\t<div class=\"icon\"><i class=\"fas fa-cross\"><\/i><\/div>\r\n\t\t\t\t\t\t\t\t\t\t\t\t\t\t\t\t\t\t\t\t\t\t\t\t\t\t\t\t\t\t\t\t<h3>\u00c9glise Protestante M\u00e9thodiste de France John Wesley<\/h3>\r\n\t\t\t\t\t\t\t\t\t\t\t\t\t\t\t\t\t\t\t<p>Responsable : Monsieur Simon Assogba<br \/>\n\ud83d\udcde 06 03 69 99 62,<br \/>\n\ud83d\udce7 simonassogba@hotmail.com<br \/>\n\u26ea Lieu de culte : 195 Rue de l\u2019Ouest 75014 Paris<br \/>\n\u23f1\ufe0f Horaire du culte : tous les dimanches de 13h \u00e0 15h et les troisi\u00e8mes dimanche de 10h30 \u00e0 12h.<\/p>\r\n\t\t\t\t\t\t\t\t\t\t\t\t\t\t\t\t<\/div>\r\n\t\t\t\t<\/div>\r\n<\/div>\r\n\t\t<\/div>\r\n\t\t[\/vc_column][\/vc_row][vc_row equal_height=&#8221;yes&#8221; row_css_md=&#8221;.vc_custom_1761518300509{padding-top: 110px !important;}&#8221;][vc_column width=&#8221;1\/3&#8243;]\t\t<div  class=\"sigma_infobox_wrapper sigma-infobox-902920817 sigma-shortcode-wrapper icon-type-font infobox-style-3 infobox-center infobox-light\">\r\n\t\t\t<div class=\"core-feature-section\">\r\n\t\t\t\t<div class=\"features-loop\">\r\n\t\t\t\t\t\t\t\t<div class=\"feature-box\">\r\n\t\t\t\t\t\t\t\t\t\t\t\t\t\t\t\t\t\t\t\t\t\t<div class=\"icon\"><i class=\"fas fa-cross\"><\/i><\/div>\r\n\t\t\t\t\t\t\t\t\t\t\t\t\t\t\t\t\t\t\t\t\t\t\t\t\t\t\t\t\t\t\t\t<h3>\u00c9glise Parole de Gr\u00e2ce<\/h3>\r\n\t\t\t\t\t\t\t\t\t\t\t\t\t\t\t\t\t\t\t<p>Pasteur Jacques MALUMA NGAYEBI<br \/>\n\ud83d\udcde 06 61 79 10 21<br \/>\n\u2709\ufe0f bureau@egliseparoledegrace.com<br \/>\n\u26ea Lieu de culte : 24 Rue Jules Vall\u00e8s \u2013 93380 Pierrefite sur Seine<br \/>\n\u23f1\ufe0f Culte tous les dimanches de 10h<\/p>\r\n\t\t\t\t\t\t\t\t\t\t\t\t\t\t\t\t<\/div>\r\n\t\t\t\t<\/div>\r\n<\/div>\r\n\t\t<\/div>\r\n\t\t[\/vc_column][vc_column width=&#8221;1\/3&#8243;]\t\t<div  class=\"sigma_infobox_wrapper sigma-infobox-212528654 sigma-shortcode-wrapper icon-type-font infobox-style-3 infobox-center infobox-light\">\r\n\t\t\t<div class=\"core-feature-section\">\r\n\t\t\t\t<div class=\"features-loop\">\r\n\t\t\t\t\t\t\t\t<div class=\"feature-box\">\r\n\t\t\t\t\t\t\t\t\t\t\t\t\t\t\t\t\t\t\t\t\t\t<div class=\"icon\"><i class=\"fas fa-cross\"><\/i><\/div>\r\n\t\t\t\t\t\t\t\t\t\t\t\t\t\t\t\t\t\t\t\t\t\t\t\t\t\t\t\t\t\t\t\t<h3>Firm Founders Ministries<\/h3>\r\n\t\t\t\t\t\t\t\t\t\t\t\t\t\t\t\t\t\t\t<p>Pasteur : BENEFO Godwin<br \/>\n\ud83d\udcde 06 26 31 82 98 ou 06 99 61 11 61<br \/>\n\u2709\ufe0f secretariat.ffim@gmail.com<br \/>\n\u26ea Lieu de culte : 24 Rue L\u00e9onard de Vinci, 77240 CESSON<\/p>\r\n\t\t\t\t\t\t\t\t\t\t\t\t\t\t\t\t<\/div>\r\n\t\t\t\t<\/div>\r\n<\/div>\r\n\t\t<\/div>\r\n\t\t[\/vc_column][vc_column width=&#8221;1\/3&#8243;]\t\t<div  class=\"sigma_infobox_wrapper sigma-infobox-1840412986 sigma-shortcode-wrapper icon-type-font infobox-style-3 infobox-center infobox-light\">\r\n\t\t\t<div class=\"core-feature-section\">\r\n\t\t\t\t<div class=\"features-loop\">\r\n\t\t\t\t\t\t\t\t<div class=\"feature-box\">\r\n\t\t\t\t\t\t\t\t\t\t\t\t\t\t\t\t\t\t\t\t\t\t<div class=\"icon\"><i class=\"fas fa-cross\"><\/i><\/div>\r\n\t\t\t\t\t\t\t\t\t\t\t\t\t\t\t\t\t\t\t\t\t\t\t\t\t\t\t\t\t\t\t\t<h3>Impact Centre Chr\u00e9tien<\/h3>\r\n\t\t\t\t\t\t\t\t\t\t\t\t\t\t\t\t\t\t\t<p>Pasteur Yvan Castanou<br \/>\n\ud83d\udcde 01 58 42 74 90<br \/>\n\ud83d\udce7 contacticc@yahoo.fr<br \/>\n\ud83d\udda5\ufe0f impactcentrechretien.com<br \/>\n\u26ea Lieu de culte : 21 Rue des Vieilles Vignes, 77183 Croissy-Beaubourg<\/p>\r\n\t\t\t\t\t\t\t\t\t\t\t\t\t\t\t\t<\/div>\r\n\t\t\t\t<\/div>\r\n<\/div>\r\n\t\t<\/div>\r\n\t\t[\/vc_column][\/vc_row][vc_row equal_height=&#8221;yes&#8221; row_css_md=&#8221;.vc_custom_1761518300509{padding-top: 110px !important;}&#8221;][vc_column width=&#8221;1\/3&#8243;]\t\t<div  class=\"sigma_infobox_wrapper sigma-infobox-2122066534 sigma-shortcode-wrapper icon-type-font infobox-style-3 infobox-center infobox-light\">\r\n\t\t\t<div class=\"core-feature-section\">\r\n\t\t\t\t<div class=\"features-loop\">\r\n\t\t\t\t\t\t\t\t<div class=\"feature-box\">\r\n\t\t\t\t\t\t\t\t\t\t\t\t\t\t\t\t\t\t\t\t\t\t<div class=\"icon\"><i class=\"fas fa-cross\"><\/i><\/div>\r\n\t\t\t\t\t\t\t\t\t\t\t\t\t\t\t\t\t\t\t\t\t\t\t\t\t\t\t\t\t\t\t\t<h3>Impact Centre Chr\u00e9tien Guadeloupe<\/h3>\r\n\t\t\t\t\t\t\t\t\t\t\t\t\t\t\t\t\t\t\t<p>Pasteur : MANFOUNDOU Yann<br \/>\n\ud83d\udcde +590 690 29-0979<br \/>\n\u2709\ufe0f guadeloupe@impactcentrechretien.com<br \/>\n\u26ea Lieu de culte : 5 rue de la ville d\u2019orly, 97110 POINTE A PITRE<\/p>\r\n\t\t\t\t\t\t\t\t\t\t\t\t\t\t\t\t<\/div>\r\n\t\t\t\t<\/div>\r\n<\/div>\r\n\t\t<\/div>\r\n\t\t[\/vc_column][vc_column width=&#8221;1\/3&#8243;]\t\t<div  class=\"sigma_infobox_wrapper sigma-infobox-1334920899 sigma-shortcode-wrapper icon-type-font infobox-style-3 infobox-center infobox-light\">\r\n\t\t\t<div class=\"core-feature-section\">\r\n\t\t\t\t<div class=\"features-loop\">\r\n\t\t\t\t\t\t\t\t<div class=\"feature-box\">\r\n\t\t\t\t\t\t\t\t\t\t\t\t\t\t\t\t\t\t\t\t\t\t<div class=\"icon\"><i class=\"fas fa-cross\"><\/i><\/div>\r\n\t\t\t\t\t\t\t\t\t\t\t\t\t\t\t\t\t\t\t\t\t\t\t\t\t\t\t\t\t\t\t\t<h3>Impact Centre Chr\u00e9tien Martinique<\/h3>\r\n\t\t\t\t\t\t\t\t\t\t\t\t\t\t\t\t\t\t\t<p>Pasteur : KOYAMBA Frederic<br \/>\n\ud83d\udcde +596 696 86 74 63<br \/>\n\u2709\ufe0f martinique@impactcentrechretien.com<br \/>\n\u26ea Lieu de culte : Immeuble Laguerre-zone de Champigny, 97224 DUCOS<\/p>\r\n\t\t\t\t\t\t\t\t\t\t\t\t\t\t\t\t<\/div>\r\n\t\t\t\t<\/div>\r\n<\/div>\r\n\t\t<\/div>\r\n\t\t[\/vc_column][vc_column width=&#8221;1\/3&#8243;]\t\t<div  class=\"sigma_infobox_wrapper sigma-infobox-1734090231 sigma-shortcode-wrapper icon-type-font infobox-style-3 infobox-center infobox-light\">\r\n\t\t\t<div class=\"core-feature-section\">\r\n\t\t\t\t<div class=\"features-loop\">\r\n\t\t\t\t\t\t\t\t<div class=\"feature-box\">\r\n\t\t\t\t\t\t\t\t\t\t\t\t\t\t\t\t\t\t\t\t\t\t<div class=\"icon\"><i class=\"fas fa-cross\"><\/i><\/div>\r\n\t\t\t\t\t\t\t\t\t\t\t\t\t\t\t\t\t\t\t\t\t\t\t\t\t\t\t\t\t\t\t\t<h3>Le Jubile<\/h3>\r\n\t\t\t\t\t\t\t\t\t\t\t\t\t\t\t\t\t\t\t<p>Pasteur : Bruno NKWIM<br \/>\n\ud83d\udcde 01 71 56 34 14<br \/>\n\ud83d\udce7 eglisejubile@gmail.com<br \/>\n\u26ea Lieu de culte : 1, Rue Etienne Dolet \u2013 94140 ALFORTVILLE<\/p>\r\n\t\t\t\t\t\t\t\t\t\t\t\t\t\t\t\t<\/div>\r\n\t\t\t\t<\/div>\r\n<\/div>\r\n\t\t<\/div>\r\n\t\t[\/vc_column][\/vc_row][vc_row equal_height=&#8221;yes&#8221; row_css_md=&#8221;.vc_custom_1761518300509{padding-top: 110px !important;}&#8221;][vc_column width=&#8221;1\/3&#8243;]\t\t<div  class=\"sigma_infobox_wrapper sigma-infobox-541561995 sigma-shortcode-wrapper icon-type-font infobox-style-3 infobox-center infobox-light\">\r\n\t\t\t<div class=\"core-feature-section\">\r\n\t\t\t\t<div class=\"features-loop\">\r\n\t\t\t\t\t\t\t\t<div class=\"feature-box\">\r\n\t\t\t\t\t\t\t\t\t\t\t\t\t\t\t\t\t\t\t\t\t\t<div class=\"icon\"><i class=\"fas fa-cross\"><\/i><\/div>\r\n\t\t\t\t\t\t\t\t\t\t\t\t\t\t\t\t\t\t\t\t\t\t\t\t\t\t\t\t\t\t\t\t<h3>Paris Centre Chr\u00e9tien<\/h3>\r\n\t\t\t\t\t\t\t\t\t\t\t\t\t\t\t\t\t\t\t<p>Pasteur : RAJIAH Doroth\u00e9e<br \/>\n\ud83d\udcde 01 48 36 94 72<br \/>\n\u26ea Lieu de culte : 7 rue Pascal, BP 54, 93120 LA COURNEUVE<\/p>\r\n\t\t\t\t\t\t\t\t\t\t\t\t\t\t\t\t<\/div>\r\n\t\t\t\t<\/div>\r\n<\/div>\r\n\t\t<\/div>\r\n\t\t[\/vc_column][vc_column width=&#8221;1\/3&#8243;]\t\t<div  class=\"sigma_infobox_wrapper sigma-infobox-814691838 sigma-shortcode-wrapper icon-type-font infobox-style-3 infobox-center infobox-light\">\r\n\t\t\t<div class=\"core-feature-section\">\r\n\t\t\t\t<div class=\"features-loop\">\r\n\t\t\t\t\t\t\t\t<div class=\"feature-box\">\r\n\t\t\t\t\t\t\t\t\t\t\t\t\t\t\t\t\t\t\t\t\t\t<div class=\"icon\"><i class=\"fas fa-cross\"><\/i><\/div>\r\n\t\t\t\t\t\t\t\t\t\t\t\t\t\t\t\t\t\t\t\t\t\t\t\t\t\t\t\t\t\t\t\t<h3>Phila Cit\u00e9 des Adorateurs<\/h3>\r\n\t\t\t\t\t\t\t\t\t\t\t\t\t\t\t\t\t\t\t<p>Pasteur : Nomaq MUZEMBE\n\ud83d\udcde 07 76 24 13 84\n\u2709\ufe0f info.phila.ca@gmail.com\n\ud83d\udda5\ufe0f https:\/\/phila-ca.com\/\n\u26ea Lieu de culte : 8 rue Saint Claude, Pontault-Combault 77340\n\u23f1\ufe0f Horaire du culte : 10 h 00<\/p>\r\n\t\t\t\t\t\t\t\t\t\t\t\t\t\t\t\t<\/div>\r\n\t\t\t\t<\/div>\r\n<\/div>\r\n\t\t<\/div>\r\n\t\t[\/vc_column][vc_column width=&#8221;1\/3&#8243;]\t\t<div  class=\"sigma_infobox_wrapper sigma-infobox-1544363479 sigma-shortcode-wrapper icon-type-font infobox-style-3 infobox-center infobox-light\">\r\n\t\t\t<div class=\"core-feature-section\">\r\n\t\t\t\t<div class=\"features-loop\">\r\n\t\t\t\t\t\t\t\t<div class=\"feature-box\">\r\n\t\t\t\t\t\t\t\t\t\t\t\t\t\t\t\t\t\t\t\t\t\t<div class=\"icon\"><i class=\"fas fa-cross\"><\/i><\/div>\r\n\t\t\t\t\t\t\t\t\t\t\t\t\t\t\t\t\t\t\t\t\t\t\t\t\t\t\t\t\t\t\t\t<h3>Revivre Centre chr\u00e9tien<\/h3>\r\n\t\t\t\t\t\t\t\t\t\t\t\t\t\t\t\t\t\t\t<p>Pasteur : SEBILLEAU Monique<br \/>\n\ud83d\udcde 04 70 58 90 15<br \/>\n\u2709\ufe0f rccrevivre@aol.fr<br \/>\n\u26ea Lieu de culte : 25 avenue de Lyon, 03200 VICHY<br \/>\n\u23f1\ufe0f Horaire du culte : 10 h 00<\/p>\r\n\t\t\t\t\t\t\t\t\t\t\t\t\t\t\t\t<\/div>\r\n\t\t\t\t<\/div>\r\n<\/div>\r\n\t\t<\/div>\r\n\t\t[\/vc_column][\/vc_row][vc_row equal_height=&#8221;yes&#8221; row_css_md=&#8221;.vc_custom_1761518300509{padding-top: 110px !important;}&#8221;][vc_column width=&#8221;1\/3&#8243;]\t\t<div  class=\"sigma_infobox_wrapper sigma-infobox-821976150 sigma-shortcode-wrapper icon-type-font infobox-style-3 infobox-center infobox-light\">\r\n\t\t\t<div class=\"core-feature-section\">\r\n\t\t\t\t<div class=\"features-loop\">\r\n\t\t\t\t\t\t\t\t<div class=\"feature-box\">\r\n\t\t\t\t\t\t\t\t\t\t\t\t\t\t\t\t\t\t\t\t\t\t<div class=\"icon\"><i class=\"fas fa-cross\"><\/i><\/div>\r\n\t\t\t\t\t\t\t\t\t\t\t\t\t\t\t\t\t\t\t\t\t\t\t\t\t\t\t\t\t\t\t\t<h3>Vision Vie \u00c9vang\u00e9lique<\/h3>\r\n\t\t\t\t\t\t\t\t\t\t\t\t\t\t\t\t\t\t\t<p>Pasteur Vence GAKANA<br \/>\n\ud83d\udcde 07.64.56.33.90<br \/>\n\u2709\ufe0f contact@visionvievangelique.com<br \/>\n\u26ea Lieu de culte : 14 Boulevard Winston Churchill,<br \/>\n\u23f1\ufe0f Culte tous les dimanches de 9h \u00e0 10 h 30, puis de 11h \u00e0 12 h 30<\/p>\r\n\t\t\t\t\t\t\t\t\t\t\t\t\t\t\t\t<\/div>\r\n\t\t\t\t<\/div>\r\n<\/div>\r\n\t\t<\/div>\r\n\t\t[\/vc_column][vc_column width=&#8221;1\/3&#8243;][\/vc_column][vc_column width=&#8221;1\/3&#8243;][\/vc_column][\/vc_row][vc_row css=&#8221;.vc_custom_1752896352264{padding-top: 110px !important;padding-bottom: 80px !important;}&#8221; row_css_sm=&#8221;.vc_custom_1752896352265{padding-top: 70px !important;padding-bottom: 40px !important;}&#8221;][vc_column]\r\n\t\t<div  class=\"sigma_custom_heading_wrapper sigma-custom-heading-1040383897 sigma-shortcode-wrapper custom-heading-style-3 subtitle-text-uppercase title-text- text-left  vc_custom_1749436963312\">\r\r\n\t\t\t<div class=\"section-title sigma-custom-heading-wrapper\">\r\n\t\t\t\t<h2 class=\"heading-title\">\r\n\t\t\t\t\u00c9GLISES EN PROBATION\t\t\t<\/h2>\r\n\t\t<\/div>\r\n\r\n\t\t<\/div>\r\r\n\t\t[vc_row_inner][vc_column_inner width=&#8221;1\/3&#8243;]\t\t<div  class=\"sigma_infobox_wrapper sigma-infobox-2091900118 sigma-shortcode-wrapper infobox-style-3 infobox-left infobox-light\">\r\n\t\t\t<div class=\"core-feature-section\">\r\n\t\t\t\t<div class=\"features-loop\">\r\n\t\t\t\t\t\t\t\t<div class=\"feature-box\">\r\n\t\t\t\t\t\t\t\t\t\t\t\t\t\t\t\t\t\t\t\t\t\t\t\t\t\t\t\t<h3>\u00c9glise \u201cMEPCJC Paris\u201d<\/h3>\r\n\t\t\t\t\t\t\t\t\t\t\t\t\t\t\t\t\t\t\t<p>11 Rue du Docteur Ramon 94000 Cr\u00e9teil<br \/>\n07 65 78 64 35<br \/>\nmepcjc@gmail.com<br \/>\nResponsable : Pasteur Paul Mwanga Kilo Kilo<br \/>\nLieu de culte : 11 Rue du Docteur Ramon 94000 Cr\u00e9teil<br \/>\nCulte tous les jeudis de 18h30 \u00e0 20h30<\/p>\r\n\t\t\t\t\t\t\t\t\t\t\t\t\t\t\t\t<\/div>\r\n\t\t\t\t<\/div>\r\n<\/div>\r\n\t\t<\/div>\r\n\t\t[\/vc_column_inner][vc_column_inner width=&#8221;1\/3&#8243;][\/vc_column_inner][vc_column_inner width=&#8221;1\/3&#8243;][\/vc_column_inner][\/vc_row_inner][\/vc_column][\/vc_row][vc_row full_width=&#8221;stretch_row&#8221; disable_element=&#8221;yes&#8221; css=&#8221;.vc_custom_1750897322843{padding-top: 110px !important;padding-bottom: 110px !important;background-image: url(http:\/\/metropolitanhost.com\/themes\/themeforest\/wp\/sacreva\/wp-content\/uploads\/2021\/09\/bg1.jpg?id=260) !important;background-position: center !important;background-repeat: no-repeat !important;background-size: cover !important;}&#8221; row_css_sm=&#8221;.vc_custom_1750897322844{padding-top: 70px !important;padding-bottom: 40px !important;}&#8221; el_class=&#8221;dark-overlay&#8221;][vc_column offset=&#8221;vc_col-lg-6 vc_col-md-6&#8243;]\n<div class=\"wpcf7 no-js\" id=\"wpcf7-f238-o1\" lang=\"en-US\" dir=\"ltr\" data-wpcf7-id=\"238\">\n<div class=\"screen-reader-response\"><p role=\"status\" aria-live=\"polite\" aria-atomic=\"true\"><\/p> <ul><\/ul><\/div>\n<form action=\"\/index.php\/wp-json\/wp\/v2\/pages\/233#wpcf7-f238-o1\" method=\"post\" class=\"wpcf7-form init\" aria-label=\"Contact form\" novalidate=\"novalidate\" data-status=\"init\">\n<fieldset class=\"hidden-fields-container\"><input type=\"hidden\" name=\"_wpcf7\" value=\"238\" \/><input type=\"hidden\" name=\"_wpcf7_version\" value=\"6.1.5\" \/><input type=\"hidden\" name=\"_wpcf7_locale\" value=\"en_US\" \/><input type=\"hidden\" name=\"_wpcf7_unit_tag\" value=\"wpcf7-f238-o1\" \/><input type=\"hidden\" name=\"_wpcf7_container_post\" value=\"0\" \/><input type=\"hidden\" name=\"_wpcf7_posted_data_hash\" value=\"\" \/>\n<\/fieldset>\n<div class=\"contact-form-1\">\n\t<div class=\"form-row\">\n\t\t<div class=\"col-lg-6\">\n\t\t\t<div class=\"form-group\">\n\t\t\t\t<p><i class=\"far fa-user\"><\/i><span class=\"wpcf7-form-control-wrap\" data-name=\"first-name\"><input size=\"40\" maxlength=\"400\" class=\"wpcf7-form-control wpcf7-text wpcf7-validates-as-required form-control\" aria-required=\"true\" aria-invalid=\"false\" placeholder=\"Pr\u00e9nom(s)\" value=\"\" type=\"text\" name=\"first-name\" \/><\/span>\n\t\t\t\t<\/p>\n\t\t\t<\/div>\n\t\t<\/div>\n\t\t<div class=\"col-lg-6\">\n\t\t\t<div class=\"form-group\">\n\t\t\t\t<p><i class=\"far fa-user\"><\/i><span class=\"wpcf7-form-control-wrap\" data-name=\"last-name\"><input size=\"40\" maxlength=\"400\" class=\"wpcf7-form-control wpcf7-text wpcf7-validates-as-required form-control\" aria-required=\"true\" aria-invalid=\"false\" placeholder=\"Nom\" value=\"\" type=\"text\" name=\"last-name\" \/><\/span>\n\t\t\t\t<\/p>\n\t\t\t<\/div>\n\t\t<\/div>\n\n <!-- Nouveau champ : Nom du pasteur -->\n\t\t<div class=\"col-lg-6\">\n\t\t\t<div class=\"form-group\">\n\t\t\t\t<p><i class=\"far fa-user\"><\/i><span class=\"wpcf7-form-control-wrap\" data-name=\"pastor-name\"><input size=\"40\" maxlength=\"400\" class=\"wpcf7-form-control wpcf7-text wpcf7-validates-as-required form-control\" aria-required=\"true\" aria-invalid=\"false\" placeholder=\"Nom du pasteur\" value=\"\" type=\"text\" name=\"pastor-name\" \/><\/span>\n\t\t\t\t<\/p>\n\t\t\t<\/div>\n\t\t<\/div>\n\n <!-- Nouveau champ : Nom de l'\u00e9glise -->\n\t\t<div class=\"col-lg-6\">\n\t\t\t<div class=\"form-group\">\n\t\t\t\t<p><i class=\"far fa-church\"><\/i><span class=\"wpcf7-form-control-wrap\" data-name=\"church-name\"><input size=\"40\" maxlength=\"400\" class=\"wpcf7-form-control wpcf7-text wpcf7-validates-as-required form-control\" aria-required=\"true\" aria-invalid=\"false\" placeholder=\"Nom de l&#039;\u00e9glise\" value=\"\" type=\"text\" name=\"church-name\" \/><\/span>\n\t\t\t\t<\/p>\n\t\t\t<\/div>\n\t\t<\/div>\n\n <!-- Nouveau champ : Adresse de l'\u00e9glise -->\n\t\t<div class=\"col-lg-12\">\n\t\t\t<div class=\"form-group\">\n\t\t\t\t<p><i class=\"far fa-map-marker-alt\"><\/i><span class=\"wpcf7-form-control-wrap\" data-name=\"church-address\"><input size=\"40\" maxlength=\"400\" class=\"wpcf7-form-control wpcf7-text wpcf7-validates-as-required form-control\" aria-required=\"true\" aria-invalid=\"false\" placeholder=\"Adresse de l&#039;\u00e9glise\" value=\"\" type=\"text\" name=\"church-address\" \/><\/span>\n\t\t\t\t<\/p>\n\t\t\t<\/div>\n\t\t<\/div>\n\t\t<div class=\"col-lg-6\">\n\t\t\t<div class=\"form-group\">\n\t\t\t\t<p><i class=\"far fa-pencil\"><\/i><span class=\"wpcf7-form-control-wrap\" data-name=\"subject\"><input size=\"40\" maxlength=\"400\" class=\"wpcf7-form-control wpcf7-text wpcf7-validates-as-required form-control\" aria-required=\"true\" aria-invalid=\"false\" placeholder=\"Sujet\" value=\"\" type=\"text\" name=\"subject\" \/><\/span>\n\t\t\t\t<\/p>\n\t\t\t<\/div>\n\t\t<\/div>\n\t\t<div class=\"col-lg-6\">\n\t\t\t<div class=\"form-group\">\n\t\t\t\t<p><i class=\"far fa-envelope\"><\/i><span class=\"wpcf7-form-control-wrap\" data-name=\"your-email\"><input size=\"40\" maxlength=\"400\" class=\"wpcf7-form-control wpcf7-email wpcf7-validates-as-required wpcf7-text wpcf7-validates-as-email form-control\" aria-required=\"true\" aria-invalid=\"false\" placeholder=\"Email\" value=\"\" type=\"email\" name=\"your-email\" \/><\/span>\n\t\t\t\t<\/p>\n\t\t\t<\/div>\n\t\t<\/div>\n\t\t<div class=\"col-lg-12\">\n\t\t\t<div class=\"form-group\">\n\t\t\t\t<p><span class=\"wpcf7-form-control-wrap\" data-name=\"your-message\"><textarea cols=\"10\" rows=\"5\" maxlength=\"2000\" class=\"wpcf7-form-control wpcf7-textarea form-control\" aria-invalid=\"false\" placeholder=\"R\u00e9diger un message\" name=\"your-message\"><\/textarea><\/span>\n\t\t\t\t<\/p>\n\t\t\t<\/div>\n\t\t<\/div>\n\t\t<div class=\"col-lg-12\">\n\t\t\t<div class=\"sigma_btn-custom\">\n\t\t\t\t<p><input class=\"wpcf7-form-control wpcf7-submit has-spinner\" type=\"submit\" value=\"ENVOYEZ\" \/><i class=\"far fa-arrow-right\"><\/i>\n\t\t\t\t<\/p>\n\t\t\t<\/div>\n\t\t<\/div>\n\t<\/div>\n<\/div><div class=\"wpcf7-response-output\" aria-hidden=\"true\"><\/div>\n<\/form>\n<\/div>\n[\/vc_column][vc_column offset=&#8221;vc_col-lg-6 vc_col-md-6&#8243;][vc_row_inner css=&#8221;.vc_custom_1604144423499{margin-top: 50px !important;}&#8221;][vc_column_inner offset=&#8221;vc_col-lg-6 vc_col-md-6&#8243;][vc_single_image image=&#8221;158&#8243; img_size=&#8221;full&#8221; css=&#8221;.vc_custom_1632840537052{margin-bottom: 30px !important;}&#8221; el_class=&#8221;text-center&#8221;][vc_single_image image=&#8221;160&#8243; img_size=&#8221;full&#8221; css=&#8221;.vc_custom_1632840551386{margin-bottom: 30px !important;}&#8221; el_class=&#8221;text-center&#8221;][vc_single_image image=&#8221;161&#8243; img_size=&#8221;full&#8221; css=&#8221;.vc_custom_1632840568837{margin-bottom: 30px !important;}&#8221; el_class=&#8221;text-center&#8221;][\/vc_column_inner][vc_column_inner offset=&#8221;vc_col-lg-6 vc_col-md-6&#8243;][vc_single_image image=&#8221;161&#8243; img_size=&#8221;full&#8221; css=&#8221;.vc_custom_1632840611030{margin-bottom: 30px !important;}&#8221; el_class=&#8221;text-center&#8221;][vc_single_image image=&#8221;157&#8243; img_size=&#8221;full&#8221; css=&#8221;.vc_custom_1632840627276{margin-bottom: 30px !important;}&#8221; el_class=&#8221;text-center&#8221;][vc_single_image image=&#8221;159&#8243; img_size=&#8221;full&#8221; css=&#8221;.vc_custom_1632840640148{margin-bottom: 30px !important;}&#8221; el_class=&#8221;text-center&#8221;][\/vc_column_inner][\/vc_row_inner][\/vc_column][\/vc_row]<\/p>\n<\/div>","protected":false},"excerpt":{"rendered":"<p>[vc_row][vc_column][vc_empty_space height=&#8221;120px&#8221;][\/vc_column][\/vc_row][vc_row equal_height=&#8221;yes&#8221; row_css_md=&#8221;.vc_custom_1761518300509{padding-top: 110px !important;}&#8221;][vc_column width=&#8221;1\/3&#8243;][\/vc_column][vc_column width=&#8221;1\/3&#8243;][\/vc_column][vc_column width=&#8221;1\/3&#8243;][\/vc_column][\/vc_row][vc_row equal_height=&#8221;yes&#8221; row_css_md=&#8221;.vc_custom_1761518300509{padding-top: 110px !important;}&#8221;][vc_column width=&#8221;1\/3&#8243;][\/vc_column][vc_column width=&#8221;1\/3&#8243;][\/vc_column][vc_column width=&#8221;1\/3&#8243;][\/vc_column][\/vc_row][vc_row equal_height=&#8221;yes&#8221; row_css_md=&#8221;.vc_custom_1761518300509{padding-top: 110px !important;}&#8221;][vc_column width=&#8221;1\/3&#8243;][\/vc_column][vc_column width=&#8221;1\/3&#8243;][\/vc_column][vc_column width=&#8221;1\/3&#8243;][\/vc_column][\/vc_row][vc_row equal_height=&#8221;yes&#8221; row_css_md=&#8221;.vc_custom_1761518300509{padding-top: 110px !important;}&#8221;][vc_column width=&#8221;1\/3&#8243;][\/vc_column][vc_column width=&#8221;1\/3&#8243;][\/vc_column][vc_column width=&#8221;1\/3&#8243;][\/vc_column][\/vc_row][vc_row [&hellip;]<\/p>\n","protected":false},"author":1,"featured_media":0,"parent":0,"menu_order":0,"comment_status":"closed","ping_status":"closed","template":"","meta":{"give_campaign_id":0,"_monsterinsights_skip_tracking":false,"_monsterinsights_sitenote_active":false,"_monsterinsights_sitenote_note":"","_monsterinsights_sitenote_category":0,"footnotes":""},"class_list":["post-233","page","type-page","status-publish","hentry"],"aioseo_notices":[],"campaignId":"","_links":{"self":[{"href":"https:\/\/ceaf.fr\/index.php\/wp-json\/wp\/v2\/pages\/233","targetHints":{"allow":["GET"]}}],"collection":[{"href":"https:\/\/ceaf.fr\/index.php\/wp-json\/wp\/v2\/pages"}],"about":[{"href":"https:\/\/ceaf.fr\/index.php\/wp-json\/wp\/v2\/types\/page"}],"author":[{"embeddable":true,"href":"https:\/\/ceaf.fr\/index.php\/wp-json\/wp\/v2\/users\/1"}],"replies":[{"embeddable":true,"href":"https:\/\/ceaf.fr\/index.php\/wp-json\/wp\/v2\/comments?post=233"}],"version-history":[{"count":111,"href":"https:\/\/ceaf.fr\/index.php\/wp-json\/wp\/v2\/pages\/233\/revisions"}],"predecessor-version":[{"id":3876,"href":"https:\/\/ceaf.fr\/index.php\/wp-json\/wp\/v2\/pages\/233\/revisions\/3876"}],"wp:attachment":[{"href":"https:\/\/ceaf.fr\/index.php\/wp-json\/wp\/v2\/media?parent=233"}],"curies":[{"name":"wp","href":"https:\/\/api.w.org\/{rel}","templated":true}]}}